{"id":1231,"date":"2023-03-13T19:47:33","date_gmt":"2023-03-13T19:47:33","guid":{"rendered":"https:\/\/siervasdelamadrededios.org\/?page_id=1231"},"modified":"2025-06-24T18:55:41","modified_gmt":"2025-06-24T18:55:41","slug":"internado-mater-dei","status":"publish","type":"page","link":"https:\/\/siervasdelamadrededios.org\/?page_id=1231","title":{"rendered":"Internado Mater Dei"},"content":{"rendered":"\t\t<div data-elementor-type=\"wp-page\" data-elementor-id=\"1231\" class=\"elementor elementor-1231\" data-elementor-post-type=\"page\">\n\t\t\t\t\t\t<section class=\"elementor-section elementor-top-section elementor-element elementor-element-2d200b1f elementor-section-boxed elementor-section-height-default elementor-section-height-default\" data-id=\"2d200b1f\" data-element_type=\"section\" data-e-type=\"section\" data-settings=\"{&quot;background_background&quot;:&quot;classic&quot;}\">\n\t\t\t\t\t\t\t<div class=\"elementor-background-overlay\"><\/div>\n\t\t\t\t\t\t\t<div class=\"elementor-container elementor-column-gap-default\">\n\t\t\t\t\t<div class=\"elementor-column elementor-col-100 elementor-top-column elementor-element elementor-element-2200f56c\" data-id=\"2200f56c\" data-element_type=\"column\" data-e-type=\"column\">\n\t\t\t<div class=\"elementor-widget-wrap elementor-element-populated\">\n\t\t\t\t\t\t<div class=\"elementor-element elementor-element-5945e217 elementor-widget elementor-widget-heading\" data-id=\"5945e217\" data-element_type=\"widget\" data-e-type=\"widget\" data-widget_type=\"heading.default\">\n\t\t\t\t<div class=\"elementor-widget-container\">\n\t\t\t\t\t<h1 class=\"elementor-heading-title elementor-size-default\">INTERNADO<br>MATER DEI<\/h1>\t\t\t\t<\/div>\n\t\t\t\t<\/div>\n\t\t\t\t\t<\/div>\n\t\t<\/div>\n\t\t\t\t\t<\/div>\n\t\t<\/section>\n\t\t\t\t<section class=\"elementor-section elementor-top-section elementor-element elementor-element-2e210389 elementor-section-boxed elementor-section-height-default elementor-section-height-default\" data-id=\"2e210389\" data-element_type=\"section\" data-e-type=\"section\">\n\t\t\t\t\t\t<div class=\"elementor-container elementor-column-gap-default\">\n\t\t\t\t\t<div class=\"elementor-column elementor-col-50 elementor-top-column elementor-element elementor-element-41ad98d\" data-id=\"41ad98d\" data-element_type=\"column\" data-e-type=\"column\">\n\t\t\t<div class=\"elementor-widget-wrap elementor-element-populated\">\n\t\t\t\t\t\t<div class=\"elementor-element elementor-element-175838a3 elementor-widget elementor-widget-heading\" data-id=\"175838a3\" data-element_type=\"widget\" data-e-type=\"widget\" data-widget_type=\"heading.default\">\n\t\t\t\t<div class=\"elementor-widget-container\">\n\t\t\t\t\t<h2 class=\"elementor-heading-title elementor-size-default\">RESE\u00d1A DE LA OBRA<\/h2>\t\t\t\t<\/div>\n\t\t\t\t<\/div>\n\t\t\t\t<div class=\"elementor-element elementor-element-6f01cf5d elementor-widget-divider--view-line elementor-widget elementor-widget-divider\" data-id=\"6f01cf5d\" data-element_type=\"widget\" data-e-type=\"widget\" data-widget_type=\"divider.default\">\n\t\t\t\t<div class=\"elementor-widget-container\">\n\t\t\t\t\t\t\t<div class=\"elementor-divider\">\n\t\t\t<span class=\"elementor-divider-separator\">\n\t\t\t\t\t\t<\/span>\n\t\t<\/div>\n\t\t\t\t\t\t<\/div>\n\t\t\t\t<\/div>\n\t\t\t\t<div class=\"elementor-element elementor-element-2c3fa3c3 elementor-widget elementor-widget-text-editor\" data-id=\"2c3fa3c3\" data-element_type=\"widget\" data-e-type=\"widget\" data-widget_type=\"text-editor.default\">\n\t\t\t\t<div class=\"elementor-widget-container\">\n\t\t\t\t\t\t\t\t\t<p>Seg\u00fan la historia de la comunidad Siervas de la Madre de Dios se cuenta que la fundadora quien da pie a la labor que hoy en d\u00eda se realiza en las diferentes casas de la comunidad tiene origen\u00a0 en una regi\u00f3n de Antioquia, en la vereda el Buey cerca de la poblaci\u00f3n de Abejorral, donde naci\u00f3 Elisa de Jes\u00fas Jaramillo Botero el 31 de diciembre de 1884, en el hogar formado por don Ferm\u00edn Jaramillo y Do\u00f1a Mar\u00eda del pilar Botero Campusano padres de 11 hijos. Al d\u00eda siguiente de su nacimiento, el 1 de enero de 1885 fue bautizada por el se\u00f1or cura, Jes\u00fas Mar\u00eda Uribe en la parroquia de Nuestra Se\u00f1ora del Carmen de Abejorral. Era una familia integrada profundamente a la vida parroquial, lo que permite a Elisa vivir la caridad con el pr\u00f3jimo. La vida de Elisa por este mundo comprende varias etapas bien claras y definidas: ni\u00f1a, joven, madre, viuda, religiosa y fundadora. A trav\u00e9s de ellas la vida espiritual de Elisa se fue configurando hasta llevarla a la plenitud.<\/p><p>En su paso de ni\u00f1a a Joven Elisa impulsada por su caridad, paso por el hogar de Don Jos\u00e9 Ramos quien hac\u00eda poco se hab\u00eda quedado viudo con dos hijos. Compadecida por su orfandad lleg\u00f3 para\u00a0 ofrecer su amor y ternura. El padre de los ni\u00f1os miro a Elisa y qued\u00f3 prendado de tan dulce y sencilla y atractiva mujer. Muy pronto entablaron amistad, m\u00e1s tarde formalizaron su noviazgo y a la edad de 18 a\u00f1os contrajo matrimonio en la parroquia de la ceja Antioquia el 14 de mayo de 1904. Con el bruto de esta uni\u00f3n Dios los bendijo con dos hijos Jos\u00e9 Mar\u00eda y Lucrecia. La felicidad del matrimonio duro tan solo 4 a\u00f1os, quedo viuda a los 22 a\u00f1os con sus dos peque\u00f1os hijos los cuales educa como una madre verdaderamente cristiana en el amor y temor de Dios.<\/p><p>En la soledad de su viudez descubre que otros necesitan de su ayuda y madre en sus necesidades. El secreto para realizar esta hermosa misi\u00f3n fue la oraci\u00f3n, su intimidad con Dios y el amor a la excelsa Madre de Dios.<\/p><p>Inspirada por el se\u00f1or y movida por la caridad funda en la ceja Antioquia una obra social para proteger a las ni\u00f1as pobres en peligro f\u00edsico o moral, entreg\u00e1ndose a ellas con ternura de madre; esta obra le fue arrebatada a\u00f1os m\u00e1s tarde.\u00a0<\/p><p>Sin embargo impulsada por el celo de salvar a las ni\u00f1as y j\u00f3venes m\u00e1s pobres organiza en Medell\u00edn un internado para ni\u00f1as con el fin de educarlas y formarlas en sanas costumbres y ense\u00f1arles a ganar el pan dignamente.\u00a0<\/p>\t\t\t\t\t\t\t\t<\/div>\n\t\t\t\t<\/div>\n\t\t\t\t\t<\/div>\n\t\t<\/div>\n\t\t\t\t<div class=\"elementor-column elementor-col-50 elementor-top-column elementor-element elementor-element-c68ca26\" data-id=\"c68ca26\" data-element_type=\"column\" data-e-type=\"column\">\n\t\t\t<div class=\"elementor-widget-wrap elementor-element-populated\">\n\t\t\t\t\t\t<div class=\"elementor-element elementor-element-28c9b144 elementor-widget elementor-widget-image\" data-id=\"28c9b144\" data-element_type=\"widget\" data-e-type=\"widget\" data-widget_type=\"image.default\">\n\t\t\t\t<div class=\"elementor-widget-container\">\n\t\t\t\t\t\t\t\t\t\t\t\t\t\t\t<img fetchpriority=\"high\" decoding=\"async\" width=\"1600\" height=\"1200\" src=\"https:\/\/siervasdelamadrededios.org\/wp-content\/uploads\/2023\/03\/S6304929.jpeg\" class=\"attachment-full size-full wp-image-1264\" alt=\"\" srcset=\"https:\/\/siervasdelamadrededios.org\/wp-content\/uploads\/2023\/03\/S6304929.jpeg 1600w, https:\/\/siervasdelamadrededios.org\/wp-content\/uploads\/2023\/03\/S6304929-300x225.jpeg 300w, https:\/\/siervasdelamadrededios.org\/wp-content\/uploads\/2023\/03\/S6304929-1024x768.jpeg 1024w, https:\/\/siervasdelamadrededios.org\/wp-content\/uploads\/2023\/03\/S6304929-768x576.jpeg 768w, https:\/\/siervasdelamadrededios.org\/wp-content\/uploads\/2023\/03\/S6304929-1536x1152.jpeg 1536w\" sizes=\"(max-width: 1600px) 100vw, 1600px\" \/>\t\t\t\t\t\t\t\t\t\t\t\t\t\t\t<\/div>\n\t\t\t\t<\/div>\n\t\t\t\t<div class=\"elementor-element elementor-element-72993565 elementor-widget elementor-widget-text-editor\" data-id=\"72993565\" data-element_type=\"widget\" data-e-type=\"widget\" data-widget_type=\"text-editor.default\">\n\t\t\t\t<div class=\"elementor-widget-container\">\n\t\t\t\t\t\t\t\t\t<p>\u00a0El 21 de noviembre fiesta de la presentaci\u00f3n de nuestra se\u00f1ora fue el escogido para la bendici\u00f3n de la casa Mater Dei que tantos sudores le cost\u00f3. A las 6 de la ma\u00f1ana llegaron de la ceja 40 ni\u00f1as y adolescentes internas felices y sonrientes.<\/p><p>Juventud pobre y desamparada; su celo apost\u00f3lico se extendi\u00f3 tambi\u00e9n a los seminaristas, especialmente a los m\u00e1s pobres a quienes socorr\u00eda como una \u00a0Siente la necesidad de seguir sembrando la semilla del reino de Dios y se desplaza hacia Palmira, Popay\u00e1n y despu\u00e9s de varios intentos de ser religiosa se lanza con gran entusiasmo su proyecto de fundaci\u00f3n como comunidad religiosa. Pero como nadie es profeta en su tierra, en Medell\u00edn no tuvo eco su proyecto de fundaci\u00f3n, con \u00e1nimo confiado y profunda fe, se dirige a Popay\u00e1n (cauca) y el 25 de Marzo de 1946, d\u00eda de la anunciaci\u00f3n se lleva a cabo en el templo de Bel\u00e9n en\u00a0 Popay\u00e1n; la ceremonia de toma de habito de Elisa y cinco compa\u00f1eras.<\/p><p>La comunidad siervas de la madre de Dios, fundaci\u00f3n internado\u00a0 Mater Dei, es una instituci\u00f3n sin \u00e1nimo de lucro ubicado en el sector de laureles- san Joaqu\u00edn en la carrera 68 No 42-70, comuna 11.\u00a0 Cuenta con \u00a0personer\u00eda jur\u00eddica No. 3218 expedida el 13 de diciembre de 1956 por el art\u00edculo No 633. La fundaci\u00f3n internado Mater Dei brinda protecci\u00f3n, educa y forma integralmente a ni\u00f1as y adolescentes entre los 6 a 12 a\u00f1os, las cuales se encuentra en inobservancia, amenaza y\/o vulneraci\u00f3n de derechos en la modalidad de internado.<\/p><p>Para la realizaci\u00f3n de este trabajo se siguen par\u00e1metros guiados por la comunidad religiosa, contando con un equipo de trabajo conformado por directora, coordinadora, pedagoga, Formadora Diurna y Formadora nocturna, brindando protecci\u00f3n, educaci\u00f3n y formaci\u00f3n integral a las Ni\u00f1as y\u00a0 Adolescentes de la ciudad de Medell\u00edn y otros municipios que hacen parte del departamento.<\/p><p>\u00a0<\/p><p>En 1936 primero de octubre coloca la primera piedra para la construcci\u00f3n y organizaci\u00f3n del internado que le dio el nombre\u00a0 de \u201cMater Dei\u201d respondiendo al gran amor y devoci\u00f3n que profesaba a la sant\u00edsima virgen Mar\u00eda.<\/p>\t\t\t\t\t\t\t\t<\/div>\n\t\t\t\t<\/div>\n\t\t\t\t\t<\/div>\n\t\t<\/div>\n\t\t\t\t\t<\/div>\n\t\t<\/section>\n\t\t\t\t<section class=\"elementor-section elementor-top-section elementor-element elementor-element-f313249 elementor-section-boxed elementor-section-height-default elementor-section-height-default\" data-id=\"f313249\" data-element_type=\"section\" data-e-type=\"section\">\n\t\t\t\t\t\t<div class=\"elementor-container elementor-column-gap-default\">\n\t\t\t\t\t<div class=\"elementor-column elementor-col-100 elementor-top-column elementor-element elementor-element-a2193f8\" data-id=\"a2193f8\" data-element_type=\"column\" data-e-type=\"column\">\n\t\t\t<div class=\"elementor-widget-wrap elementor-element-populated\">\n\t\t\t\t\t\t<div class=\"elementor-element elementor-element-72a3bde elementor-widget elementor-widget-heading\" data-id=\"72a3bde\" data-element_type=\"widget\" data-e-type=\"widget\" data-widget_type=\"heading.default\">\n\t\t\t\t<div class=\"elementor-widget-container\">\n\t\t\t\t\t<h2 class=\"elementor-heading-title elementor-size-default\">Informes<\/h2>\t\t\t\t<\/div>\n\t\t\t\t<\/div>\n\t\t\t\t<div class=\"elementor-element elementor-element-8eb5f0a elementor-widget-divider--view-line elementor-widget elementor-widget-divider\" data-id=\"8eb5f0a\" data-element_type=\"widget\" data-e-type=\"widget\" data-widget_type=\"divider.default\">\n\t\t\t\t<div class=\"elementor-widget-container\">\n\t\t\t\t\t\t\t<div class=\"elementor-divider\">\n\t\t\t<span class=\"elementor-divider-separator\">\n\t\t\t\t\t\t<\/span>\n\t\t<\/div>\n\t\t\t\t\t\t<\/div>\n\t\t\t\t<\/div>\n\t\t\t\t\t<\/div>\n\t\t<\/div>\n\t\t\t\t\t<\/div>\n\t\t<\/section>\n\t\t\t\t<section class=\"elementor-section elementor-top-section elementor-element elementor-element-7e03542 elementor-section-boxed elementor-section-height-default elementor-section-height-default\" data-id=\"7e03542\" data-element_type=\"section\" data-e-type=\"section\">\n\t\t\t\t\t\t<div class=\"elementor-container elementor-column-gap-default\">\n\t\t\t\t\t<div class=\"elementor-column elementor-col-33 elementor-top-column elementor-element elementor-element-f9b3484\" data-id=\"f9b3484\" data-element_type=\"column\" data-e-type=\"column\">\n\t\t\t<div class=\"elementor-widget-wrap elementor-element-populated\">\n\t\t\t\t\t\t<div class=\"elementor-element elementor-element-9d262b8 elementor-align-center elementor-button-info elementor-widget elementor-widget-button\" data-id=\"9d262b8\" data-element_type=\"widget\" data-e-type=\"widget\" data-widget_type=\"button.default\">\n\t\t\t\t<div class=\"elementor-widget-container\">\n\t\t\t\t\t\t\t\t\t<div class=\"elementor-button-wrapper\">\n\t\t\t\t\t<a class=\"elementor-button elementor-button-link elementor-size-sm\" href=\"http:\/\/siervasdelamadrededios.org\/wp-content\/uploads\/2023\/04\/INFORME-ESAL-2022-.pdf\">\n\t\t\t\t\t\t<span class=\"elementor-button-content-wrapper\">\n\t\t\t\t\t\t\t\t\t<span class=\"elementor-button-text\">2022<\/span>\n\t\t\t\t\t<\/span>\n\t\t\t\t\t<\/a>\n\t\t\t\t<\/div>\n\t\t\t\t\t\t\t\t<\/div>\n\t\t\t\t<\/div>\n\t\t\t\t\t<\/div>\n\t\t<\/div>\n\t\t\t\t<div class=\"elementor-column elementor-col-33 elementor-top-column elementor-element elementor-element-87d0fa8\" data-id=\"87d0fa8\" data-element_type=\"column\" data-e-type=\"column\">\n\t\t\t<div class=\"elementor-widget-wrap elementor-element-populated\">\n\t\t\t\t\t\t<div class=\"elementor-element elementor-element-d20ea25 elementor-align-center elementor-button-info elementor-widget elementor-widget-button\" data-id=\"d20ea25\" data-element_type=\"widget\" data-e-type=\"widget\" data-widget_type=\"button.default\">\n\t\t\t\t<div class=\"elementor-widget-container\">\n\t\t\t\t\t\t\t\t\t<div class=\"elementor-button-wrapper\">\n\t\t\t\t\t<a class=\"elementor-button elementor-button-link elementor-size-sm\" href=\"https:\/\/siervasdelamadrededios.org\/wp-content\/uploads\/2024\/06\/Informe-Mater-Dei-2023.pdf\">\n\t\t\t\t\t\t<span class=\"elementor-button-content-wrapper\">\n\t\t\t\t\t\t\t\t\t<span class=\"elementor-button-text\">2023<\/span>\n\t\t\t\t\t<\/span>\n\t\t\t\t\t<\/a>\n\t\t\t\t<\/div>\n\t\t\t\t\t\t\t\t<\/div>\n\t\t\t\t<\/div>\n\t\t\t\t\t<\/div>\n\t\t<\/div>\n\t\t\t\t<div class=\"elementor-column elementor-col-33 elementor-top-column elementor-element elementor-element-3c96143\" data-id=\"3c96143\" data-element_type=\"column\" data-e-type=\"column\">\n\t\t\t<div class=\"elementor-widget-wrap elementor-element-populated\">\n\t\t\t\t\t\t<div class=\"elementor-element elementor-element-74230a5 elementor-align-center elementor-button-info elementor-widget elementor-widget-button\" data-id=\"74230a5\" data-element_type=\"widget\" data-e-type=\"widget\" data-widget_type=\"button.default\">\n\t\t\t\t<div class=\"elementor-widget-container\">\n\t\t\t\t\t\t\t\t\t<div class=\"elementor-button-wrapper\">\n\t\t\t\t\t<a class=\"elementor-button elementor-button-link elementor-size-sm\" href=\"https:\/\/siervasdelamadrededios.org\/wp-content\/uploads\/2025\/06\/INFORME-MATER-DEI-2024.pdf\">\n\t\t\t\t\t\t<span class=\"elementor-button-content-wrapper\">\n\t\t\t\t\t\t\t\t\t<span class=\"elementor-button-text\">2024<\/span>\n\t\t\t\t\t<\/span>\n\t\t\t\t\t<\/a>\n\t\t\t\t<\/div>\n\t\t\t\t\t\t\t\t<\/div>\n\t\t\t\t<\/div>\n\t\t\t\t\t<\/div>\n\t\t<\/div>\n\t\t\t\t\t<\/div>\n\t\t<\/section>\n\t\t\t\t<section class=\"elementor-section elementor-top-section elementor-element elementor-element-62b45981 elementor-section-boxed elementor-section-height-default elementor-section-height-default\" data-id=\"62b45981\" data-element_type=\"section\" data-e-type=\"section\">\n\t\t\t\t\t\t<div class=\"elementor-container elementor-column-gap-default\">\n\t\t\t\t\t<div class=\"elementor-column elementor-col-100 elementor-top-column elementor-element elementor-element-2b2e9771\" data-id=\"2b2e9771\" data-element_type=\"column\" data-e-type=\"column\">\n\t\t\t<div class=\"elementor-widget-wrap elementor-element-populated\">\n\t\t\t\t\t\t<div class=\"elementor-element elementor-element-437d5cb6 elementor-widget elementor-widget-video\" data-id=\"437d5cb6\" data-element_type=\"widget\" data-e-type=\"widget\" data-settings=\"{&quot;youtube_url&quot;:&quot;https:\\\/\\\/youtu.be\\\/PWTCV_HTgVk&quot;,&quot;video_type&quot;:&quot;youtube&quot;,&quot;controls&quot;:&quot;yes&quot;}\" data-widget_type=\"video.default\">\n\t\t\t\t<div class=\"elementor-widget-container\">\n\t\t\t\t\t\t\t<div class=\"elementor-wrapper elementor-open-inline\">\n\t\t\t<div class=\"elementor-video\"><\/div>\t\t<\/div>\n\t\t\t\t\t\t<\/div>\n\t\t\t\t<\/div>\n\t\t\t\t\t<\/div>\n\t\t<\/div>\n\t\t\t\t\t<\/div>\n\t\t<\/section>\n\t\t\t\t<section class=\"elementor-section elementor-top-section elementor-element elementor-element-1b77523 elementor-section-boxed elementor-section-height-default elementor-section-height-default\" data-id=\"1b77523\" data-element_type=\"section\" data-e-type=\"section\">\n\t\t\t\t\t\t<div class=\"elementor-container elementor-column-gap-default\">\n\t\t\t\t\t<div class=\"elementor-column elementor-col-100 elementor-top-column elementor-element elementor-element-28f0fb6\" data-id=\"28f0fb6\" data-element_type=\"column\" data-e-type=\"column\">\n\t\t\t<div class=\"elementor-widget-wrap elementor-element-populated\">\n\t\t\t\t\t\t<div class=\"elementor-element elementor-element-288e67b2 elementor-widget elementor-widget-heading\" data-id=\"288e67b2\" data-element_type=\"widget\" data-e-type=\"widget\" data-widget_type=\"heading.default\">\n\t\t\t\t<div class=\"elementor-widget-container\">\n\t\t\t\t\t<h2 class=\"elementor-heading-title elementor-size-default\">Ubicaci\u00f3n de la Obra<\/h2>\t\t\t\t<\/div>\n\t\t\t\t<\/div>\n\t\t\t\t<div class=\"elementor-element elementor-element-950ea46 elementor-widget-divider--view-line elementor-widget elementor-widget-divider\" data-id=\"950ea46\" data-element_type=\"widget\" data-e-type=\"widget\" data-widget_type=\"divider.default\">\n\t\t\t\t<div class=\"elementor-widget-container\">\n\t\t\t\t\t\t\t<div class=\"elementor-divider\">\n\t\t\t<span class=\"elementor-divider-separator\">\n\t\t\t\t\t\t<\/span>\n\t\t<\/div>\n\t\t\t\t\t\t<\/div>\n\t\t\t\t<\/div>\n\t\t\t\t<div class=\"elementor-element elementor-element-7708fba2 elementor-widget elementor-widget-google_maps\" data-id=\"7708fba2\" data-element_type=\"widget\" data-e-type=\"widget\" data-widget_type=\"google_maps.default\">\n\t\t\t\t<div class=\"elementor-widget-container\">\n\t\t\t\t\t\t\t<div class=\"elementor-custom-embed\">\n\t\t\t<iframe loading=\"lazy\"\n\t\t\t\t\tsrc=\"https:\/\/maps.google.com\/maps?q=Medell%C3%ADn%2C%20hogar%20mater%20dei&#038;t=m&#038;z=10&#038;output=embed&#038;iwloc=near\"\n\t\t\t\t\ttitle=\"Medell\u00edn, hogar mater dei\"\n\t\t\t\t\taria-label=\"Medell\u00edn, hogar mater dei\"\n\t\t\t><\/iframe>\n\t\t<\/div>\n\t\t\t\t\t\t<\/div>\n\t\t\t\t<\/div>\n\t\t\t\t\t<\/div>\n\t\t<\/div>\n\t\t\t\t\t<\/div>\n\t\t<\/section>\n\t\t\t\t<\/div>\n\t\t","protected":false},"excerpt":{"rendered":"<p>INTERNADOMATER DEI RESE\u00d1A DE LA OBRA Seg\u00fan la historia de la comunidad Siervas de la Madre de Dios se cuenta que la fundadora quien da pie a la labor que hoy en d\u00eda se realiza en las diferentes casas de la comunidad tiene origen\u00a0 en una regi\u00f3n de Antioquia, en la vereda el Buey cerca [&hellip;]<\/p>\n","protected":false},"author":1,"featured_media":0,"parent":0,"menu_order":0,"comment_status":"closed","ping_status":"closed","template":"","meta":{"om_disable_all_campaigns":false,"_monsterinsights_skip_tracking":false,"_monsterinsights_sitenote_active":false,"_monsterinsights_sitenote_note":"","_monsterinsights_sitenote_category":0,"site-sidebar-layout":"no-sidebar","site-content-layout":"page-builder","ast-site-content-layout":"full-width-container","site-content-style":"unboxed","site-sidebar-style":"unboxed","ast-global-header-display":"","ast-banner-title-visibility":"","ast-main-header-display":"","ast-hfb-above-header-display":"","ast-hfb-below-header-display":"","ast-hfb-mobile-header-display":"","site-post-title":"disabled","ast-breadcrumbs-content":"","ast-featured-img":"disabled","footer-sml-layout":"","ast-disable-related-posts":"","theme-transparent-header-meta":"enabled","adv-header-id-meta":"","stick-header-meta":"","header-above-stick-meta":"","header-main-stick-meta":"","header-below-stick-meta":"","astra-migrate-meta-layouts":"set","ast-page-background-enabled":"default","ast-page-background-meta":{"desktop":{"background-color":"","background-image":"","background-repeat":"repeat","background-position":"center center","background-size":"auto","background-attachment":"scroll","background-type":"","background-media":"","overlay-type":"","overlay-color":"","overlay-opacity":"","overlay-gradient":""},"tablet":{"background-color":"","background-image":"","background-repeat":"repeat","background-position":"center center","background-size":"auto","background-attachment":"scroll","background-type":"","background-media":"","overlay-type":"","overlay-color":"","overlay-opacity":"","overlay-gradient":""},"mobile":{"background-color":"","background-image":"","background-repeat":"repeat","background-position":"center center","background-size":"auto","background-attachment":"scroll","background-type":"","background-media":"","overlay-type":"","overlay-color":"","overlay-opacity":"","overlay-gradient":""}},"ast-content-background-meta":{"desktop":{"background-color":"var(--ast-global-color-5)","background-image":"","background-repeat":"repeat","background-position":"center center","background-size":"auto","background-attachment":"scroll","background-type":"","background-media":"","overlay-type":"","overlay-color":"","overlay-opacity":"","overlay-gradient":""},"tablet":{"background-color":"var(--ast-global-color-5)","background-image":"","background-repeat":"repeat","background-position":"center center","background-size":"auto","background-attachment":"scroll","background-type":"","background-media":"","overlay-type":"","overlay-color":"","overlay-opacity":"","overlay-gradient":""},"mobile":{"background-color":"var(--ast-global-color-5)","background-image":"","background-repeat":"repeat","background-position":"center center","background-size":"auto","background-attachment":"scroll","background-type":"","background-media":"","overlay-type":"","overlay-color":"","overlay-opacity":"","overlay-gradient":""}},"footnotes":""},"class_list":["post-1231","page","type-page","status-publish","hentry"],"yoast_head":"<!-- This site is optimized with the Yoast SEO plugin v27.4 - https:\/\/yoast.com\/product\/yoast-seo-wordpress\/ -->\n<title>Internado Mater Dei - Siervas de la Madre de Dios<\/title>\n<meta name=\"robots\" content=\"index, follow, max-snippet:-1, max-image-preview:large, max-video-preview:-1\" \/>\n<link rel=\"canonical\" href=\"https:\/\/siervasdelamadrededios.org\/?page_id=1231\" \/>\n<meta property=\"og:locale\" content=\"es_ES\" \/>\n<meta property=\"og:type\" content=\"article\" \/>\n<meta property=\"og:title\" content=\"Internado Mater Dei - Siervas de la Madre de Dios\" \/>\n<meta property=\"og:description\" content=\"INTERNADOMATER DEI RESE\u00d1A DE LA OBRA Seg\u00fan la historia de la comunidad Siervas de la Madre de Dios se cuenta que la fundadora quien da pie a la labor que hoy en d\u00eda se realiza en las diferentes casas de la comunidad tiene origen\u00a0 en una regi\u00f3n de Antioquia, en la vereda el Buey cerca [&hellip;]\" \/>\n<meta property=\"og:url\" content=\"https:\/\/siervasdelamadrededios.org\/?page_id=1231\" \/>\n<meta property=\"og:site_name\" content=\"Siervas de la Madre de Dios\" \/>\n<meta property=\"article:modified_time\" content=\"2025-06-24T18:55:41+00:00\" \/>\n<meta property=\"og:image\" content=\"https:\/\/siervasdelamadrededios.org\/wp-content\/uploads\/2023\/03\/S6304929.jpeg\" \/>\n\t<meta property=\"og:image:width\" content=\"1600\" \/>\n\t<meta property=\"og:image:height\" content=\"1200\" \/>\n\t<meta property=\"og:image:type\" content=\"image\/jpeg\" \/>\n<meta name=\"twitter:card\" content=\"summary_large_image\" \/>\n<meta name=\"twitter:label1\" content=\"Tiempo de lectura\" \/>\n\t<meta name=\"twitter:data1\" content=\"4 minutos\" \/>\n<script type=\"application\/ld+json\" class=\"yoast-schema-graph\">{\"@context\":\"https:\\\/\\\/schema.org\",\"@graph\":[{\"@type\":\"WebPage\",\"@id\":\"https:\\\/\\\/siervasdelamadrededios.org\\\/?page_id=1231\",\"url\":\"https:\\\/\\\/siervasdelamadrededios.org\\\/?page_id=1231\",\"name\":\"Internado Mater Dei - Siervas de la Madre de Dios\",\"isPartOf\":{\"@id\":\"https:\\\/\\\/siervasdelamadrededios.org\\\/#website\"},\"primaryImageOfPage\":{\"@id\":\"https:\\\/\\\/siervasdelamadrededios.org\\\/?page_id=1231#primaryimage\"},\"image\":{\"@id\":\"https:\\\/\\\/siervasdelamadrededios.org\\\/?page_id=1231#primaryimage\"},\"thumbnailUrl\":\"https:\\\/\\\/siervasdelamadrededios.org\\\/wp-content\\\/uploads\\\/2023\\\/03\\\/S6304929.jpeg\",\"datePublished\":\"2023-03-13T19:47:33+00:00\",\"dateModified\":\"2025-06-24T18:55:41+00:00\",\"breadcrumb\":{\"@id\":\"https:\\\/\\\/siervasdelamadrededios.org\\\/?page_id=1231#breadcrumb\"},\"inLanguage\":\"es-CO\",\"potentialAction\":[{\"@type\":\"ReadAction\",\"target\":[\"https:\\\/\\\/siervasdelamadrededios.org\\\/?page_id=1231\"]}]},{\"@type\":\"ImageObject\",\"inLanguage\":\"es-CO\",\"@id\":\"https:\\\/\\\/siervasdelamadrededios.org\\\/?page_id=1231#primaryimage\",\"url\":\"https:\\\/\\\/siervasdelamadrededios.org\\\/wp-content\\\/uploads\\\/2023\\\/03\\\/S6304929.jpeg\",\"contentUrl\":\"https:\\\/\\\/siervasdelamadrededios.org\\\/wp-content\\\/uploads\\\/2023\\\/03\\\/S6304929.jpeg\",\"width\":1600,\"height\":1200},{\"@type\":\"BreadcrumbList\",\"@id\":\"https:\\\/\\\/siervasdelamadrededios.org\\\/?page_id=1231#breadcrumb\",\"itemListElement\":[{\"@type\":\"ListItem\",\"position\":1,\"name\":\"Inicio\",\"item\":\"https:\\\/\\\/siervasdelamadrededios.org\\\/\"},{\"@type\":\"ListItem\",\"position\":2,\"name\":\"Internado Mater Dei\"}]},{\"@type\":\"WebSite\",\"@id\":\"https:\\\/\\\/siervasdelamadrededios.org\\\/#website\",\"url\":\"https:\\\/\\\/siervasdelamadrededios.org\\\/\",\"name\":\"Siervas de la Madre de Dios\",\"description\":\"Congregaci\u00f3n Religiosa\",\"publisher\":{\"@id\":\"https:\\\/\\\/siervasdelamadrededios.org\\\/#organization\"},\"potentialAction\":[{\"@type\":\"SearchAction\",\"target\":{\"@type\":\"EntryPoint\",\"urlTemplate\":\"https:\\\/\\\/siervasdelamadrededios.org\\\/?s={search_term_string}\"},\"query-input\":{\"@type\":\"PropertyValueSpecification\",\"valueRequired\":true,\"valueName\":\"search_term_string\"}}],\"inLanguage\":\"es-CO\"},{\"@type\":\"Organization\",\"@id\":\"https:\\\/\\\/siervasdelamadrededios.org\\\/#organization\",\"name\":\"Siervas de la Madre de Dios\",\"url\":\"https:\\\/\\\/siervasdelamadrededios.org\\\/\",\"logo\":{\"@type\":\"ImageObject\",\"inLanguage\":\"es-CO\",\"@id\":\"https:\\\/\\\/siervasdelamadrededios.org\\\/#\\\/schema\\\/logo\\\/image\\\/\",\"url\":\"https:\\\/\\\/siervasdelamadrededios.org\\\/wp-content\\\/uploads\\\/2022\\\/12\\\/Logo-SMD-Menu2-GRIS.svg\",\"contentUrl\":\"https:\\\/\\\/siervasdelamadrededios.org\\\/wp-content\\\/uploads\\\/2022\\\/12\\\/Logo-SMD-Menu2-GRIS.svg\",\"width\":255,\"height\":200,\"caption\":\"Siervas de la Madre de Dios\"},\"image\":{\"@id\":\"https:\\\/\\\/siervasdelamadrededios.org\\\/#\\\/schema\\\/logo\\\/image\\\/\"}}]}<\/script>\n<!-- \/ Yoast SEO plugin. -->","yoast_head_json":{"title":"Internado Mater Dei - Siervas de la Madre de Dios","robots":{"index":"index","follow":"follow","max-snippet":"max-snippet:-1","max-image-preview":"max-image-preview:large","max-video-preview":"max-video-preview:-1"},"canonical":"https:\/\/siervasdelamadrededios.org\/?page_id=1231","og_locale":"es_ES","og_type":"article","og_title":"Internado Mater Dei - Siervas de la Madre de Dios","og_description":"INTERNADOMATER DEI RESE\u00d1A DE LA OBRA Seg\u00fan la historia de la comunidad Siervas de la Madre de Dios se cuenta que la fundadora quien da pie a la labor que hoy en d\u00eda se realiza en las diferentes casas de la comunidad tiene origen\u00a0 en una regi\u00f3n de Antioquia, en la vereda el Buey cerca [&hellip;]","og_url":"https:\/\/siervasdelamadrededios.org\/?page_id=1231","og_site_name":"Siervas de la Madre de Dios","article_modified_time":"2025-06-24T18:55:41+00:00","og_image":[{"width":1600,"height":1200,"url":"https:\/\/siervasdelamadrededios.org\/wp-content\/uploads\/2023\/03\/S6304929.jpeg","type":"image\/jpeg"}],"twitter_card":"summary_large_image","twitter_misc":{"Tiempo de lectura":"4 minutos"},"schema":{"@context":"https:\/\/schema.org","@graph":[{"@type":"WebPage","@id":"https:\/\/siervasdelamadrededios.org\/?page_id=1231","url":"https:\/\/siervasdelamadrededios.org\/?page_id=1231","name":"Internado Mater Dei - Siervas de la Madre de Dios","isPartOf":{"@id":"https:\/\/siervasdelamadrededios.org\/#website"},"primaryImageOfPage":{"@id":"https:\/\/siervasdelamadrededios.org\/?page_id=1231#primaryimage"},"image":{"@id":"https:\/\/siervasdelamadrededios.org\/?page_id=1231#primaryimage"},"thumbnailUrl":"https:\/\/siervasdelamadrededios.org\/wp-content\/uploads\/2023\/03\/S6304929.jpeg","datePublished":"2023-03-13T19:47:33+00:00","dateModified":"2025-06-24T18:55:41+00:00","breadcrumb":{"@id":"https:\/\/siervasdelamadrededios.org\/?page_id=1231#breadcrumb"},"inLanguage":"es-CO","potentialAction":[{"@type":"ReadAction","target":["https:\/\/siervasdelamadrededios.org\/?page_id=1231"]}]},{"@type":"ImageObject","inLanguage":"es-CO","@id":"https:\/\/siervasdelamadrededios.org\/?page_id=1231#primaryimage","url":"https:\/\/siervasdelamadrededios.org\/wp-content\/uploads\/2023\/03\/S6304929.jpeg","contentUrl":"https:\/\/siervasdelamadrededios.org\/wp-content\/uploads\/2023\/03\/S6304929.jpeg","width":1600,"height":1200},{"@type":"BreadcrumbList","@id":"https:\/\/siervasdelamadrededios.org\/?page_id=1231#breadcrumb","itemListElement":[{"@type":"ListItem","position":1,"name":"Inicio","item":"https:\/\/siervasdelamadrededios.org\/"},{"@type":"ListItem","position":2,"name":"Internado Mater Dei"}]},{"@type":"WebSite","@id":"https:\/\/siervasdelamadrededios.org\/#website","url":"https:\/\/siervasdelamadrededios.org\/","name":"Siervas de la Madre de Dios","description":"Congregaci\u00f3n Religiosa","publisher":{"@id":"https:\/\/siervasdelamadrededios.org\/#organization"},"potentialAction":[{"@type":"SearchAction","target":{"@type":"EntryPoint","urlTemplate":"https:\/\/siervasdelamadrededios.org\/?s={search_term_string}"},"query-input":{"@type":"PropertyValueSpecification","valueRequired":true,"valueName":"search_term_string"}}],"inLanguage":"es-CO"},{"@type":"Organization","@id":"https:\/\/siervasdelamadrededios.org\/#organization","name":"Siervas de la Madre de Dios","url":"https:\/\/siervasdelamadrededios.org\/","logo":{"@type":"ImageObject","inLanguage":"es-CO","@id":"https:\/\/siervasdelamadrededios.org\/#\/schema\/logo\/image\/","url":"https:\/\/siervasdelamadrededios.org\/wp-content\/uploads\/2022\/12\/Logo-SMD-Menu2-GRIS.svg","contentUrl":"https:\/\/siervasdelamadrededios.org\/wp-content\/uploads\/2022\/12\/Logo-SMD-Menu2-GRIS.svg","width":255,"height":200,"caption":"Siervas de la Madre de Dios"},"image":{"@id":"https:\/\/siervasdelamadrededios.org\/#\/schema\/logo\/image\/"}}]}},"_links":{"self":[{"href":"https:\/\/siervasdelamadrededios.org\/index.php?rest_route=\/wp\/v2\/pages\/1231","targetHints":{"allow":["GET"]}}],"collection":[{"href":"https:\/\/siervasdelamadrededios.org\/index.php?rest_route=\/wp\/v2\/pages"}],"about":[{"href":"https:\/\/siervasdelamadrededios.org\/index.php?rest_route=\/wp\/v2\/types\/page"}],"author":[{"embeddable":true,"href":"https:\/\/siervasdelamadrededios.org\/index.php?rest_route=\/wp\/v2\/users\/1"}],"replies":[{"embeddable":true,"href":"https:\/\/siervasdelamadrededios.org\/index.php?rest_route=%2Fwp%2Fv2%2Fcomments&post=1231"}],"version-history":[{"count":58,"href":"https:\/\/siervasdelamadrededios.org\/index.php?rest_route=\/wp\/v2\/pages\/1231\/revisions"}],"predecessor-version":[{"id":2301,"href":"https:\/\/siervasdelamadrededios.org\/index.php?rest_route=\/wp\/v2\/pages\/1231\/revisions\/2301"}],"wp:attachment":[{"href":"https:\/\/siervasdelamadrededios.org\/index.php?rest_route=%2Fwp%2Fv2%2Fmedia&parent=1231"}],"curies":[{"name":"wp","href":"https:\/\/api.w.org\/{rel}","templated":true}]}}