{"id":1295,"date":"2023-04-11T14:48:30","date_gmt":"2023-04-11T14:48:30","guid":{"rendered":"http:\/\/siervasdelamadrededios.org\/?page_id=1295"},"modified":"2025-06-11T21:17:26","modified_gmt":"2025-06-11T21:17:26","slug":"centro-infantil-madre-de-dios","status":"publish","type":"page","link":"https:\/\/siervasdelamadrededios.org\/?page_id=1295","title":{"rendered":"CENTRO INFANTIL MADRE DE DIOS"},"content":{"rendered":"\t\t<div data-elementor-type=\"wp-page\" data-elementor-id=\"1295\" class=\"elementor elementor-1295\" data-elementor-post-type=\"page\">\n\t\t\t\t\t\t<section class=\"elementor-section elementor-top-section elementor-element elementor-element-1e01777b elementor-section-boxed elementor-section-height-default elementor-section-height-default\" data-id=\"1e01777b\" data-element_type=\"section\" data-e-type=\"section\" data-settings=\"{&quot;background_background&quot;:&quot;classic&quot;}\">\n\t\t\t\t\t\t\t<div class=\"elementor-background-overlay\"><\/div>\n\t\t\t\t\t\t\t<div class=\"elementor-container elementor-column-gap-default\">\n\t\t\t\t\t<div class=\"elementor-column elementor-col-100 elementor-top-column elementor-element elementor-element-3c3bcd92\" data-id=\"3c3bcd92\" data-element_type=\"column\" data-e-type=\"column\">\n\t\t\t<div class=\"elementor-widget-wrap elementor-element-populated\">\n\t\t\t\t\t\t<div class=\"elementor-element elementor-element-35aff39 elementor-widget elementor-widget-heading\" data-id=\"35aff39\" data-element_type=\"widget\" data-e-type=\"widget\" data-widget_type=\"heading.default\">\n\t\t\t\t<div class=\"elementor-widget-container\">\n\t\t\t\t\t<h1 class=\"elementor-heading-title elementor-size-default\">Centro Infantil<br>Madre de Dios<\/h1>\t\t\t\t<\/div>\n\t\t\t\t<\/div>\n\t\t\t\t\t<\/div>\n\t\t<\/div>\n\t\t\t\t\t<\/div>\n\t\t<\/section>\n\t\t\t\t<section class=\"elementor-section elementor-top-section elementor-element elementor-element-54ec7c64 elementor-section-boxed elementor-section-height-default elementor-section-height-default\" data-id=\"54ec7c64\" data-element_type=\"section\" data-e-type=\"section\">\n\t\t\t\t\t\t<div class=\"elementor-container elementor-column-gap-default\">\n\t\t\t\t\t<div class=\"elementor-column elementor-col-50 elementor-top-column elementor-element elementor-element-67819835\" data-id=\"67819835\" data-element_type=\"column\" data-e-type=\"column\">\n\t\t\t<div class=\"elementor-widget-wrap elementor-element-populated\">\n\t\t\t\t\t\t<div class=\"elementor-element elementor-element-160ee33e elementor-widget elementor-widget-heading\" data-id=\"160ee33e\" data-element_type=\"widget\" data-e-type=\"widget\" data-widget_type=\"heading.default\">\n\t\t\t\t<div class=\"elementor-widget-container\">\n\t\t\t\t\t<h2 class=\"elementor-heading-title elementor-size-default\">RESE\u00d1A DE LA OBRA<\/h2>\t\t\t\t<\/div>\n\t\t\t\t<\/div>\n\t\t\t\t<div class=\"elementor-element elementor-element-10d90794 elementor-widget-divider--view-line elementor-widget elementor-widget-divider\" data-id=\"10d90794\" data-element_type=\"widget\" data-e-type=\"widget\" data-widget_type=\"divider.default\">\n\t\t\t\t<div class=\"elementor-widget-container\">\n\t\t\t\t\t\t\t<div class=\"elementor-divider\">\n\t\t\t<span class=\"elementor-divider-separator\">\n\t\t\t\t\t\t<\/span>\n\t\t<\/div>\n\t\t\t\t\t\t<\/div>\n\t\t\t\t<\/div>\n\t\t\t\t<div class=\"elementor-element elementor-element-427edd4b elementor-widget elementor-widget-text-editor\" data-id=\"427edd4b\" data-element_type=\"widget\" data-e-type=\"widget\" data-widget_type=\"text-editor.default\">\n\t\t\t\t<div class=\"elementor-widget-container\">\n\t\t\t\t\t\t\t\t\t<p>La comunidad llega\u00a0 a la Parroquia Nuestra Se\u00f1ora de la Pe\u00f1a\u00a0 en\u00a0 el\u00a0 barrio\u00a0 Los Laches el d\u00eda 27 de junio de 1968\u00a0 donde\u00a0 fueron acogidas por el Presb\u00edtero Eneas Jim\u00e9nez, quien les brind\u00f3 apoyo espiritual, moral y econ\u00f3mico,\u00a0 para una labor\u00a0 de tipo pastoral ya que en ese\u00a0 momento,\u00a0\u00a0\u00a0 hab\u00eda una\u00a0 gran necesidad\u00a0 de fortalecer la vida espiritual de los habitantes de estos sectores, tambi\u00e9n se notaba\u00a0 una gran carencia en la atenci\u00f3n a los ni\u00f1os y ni\u00f1as.<\/p><p>M\u00e1s adelante las\u00a0 hermanas\u00a0 se hicieron cargo de un comedor para los ni\u00f1os escolares y colaboraban\u00a0 en las clases de la escuela que ten\u00eda a su cargo el\u00a0 se\u00f1or\u00a0 Pedro Pablo Baquero.<\/p><p>En el a\u00f1o 1974, se da inicio a la construcci\u00f3n de la planta f\u00edsica, que ir\u00edan a utilizar las hermanas para la obra apost\u00f3lica, Centro Infantil Madre de Dios, la cual tiene su fundaci\u00f3n el 10 de octubre de 1975,\u00a0 para beneficio de 50 ni\u00f1os y ni\u00f1as\u00a0 menores de 7 a\u00f1os, est\u00e1n presentes en\u00a0\u00a0 los comienzos\u00a0\u00a0 de\u00a0 esta obra, las hermanas Rosalba\u00a0 V\u00e9lez Mar\u00edn, Lilia Escobar Franco, Clarivel Franco, Mariela Bustamante Loaiza, Digna Esperanza Ortiz.<\/p><p>Fueron grandes colaboradores y\u00a0 benefactores de esta obra\u00a0 los\u00a0 doctores Antonio Quevedo Encinales\u00a0 y\u00a0 Reina de Galvis, los se\u00f1ores Daniel Pati\u00f1o y Rafael Pi\u00f1eros.<\/p><p>A\u00f1os m\u00e1s tarde, con los aportes de Bienestar familiar y focalizando la poblaci\u00f3n m\u00e1s vulnerada principalmente ni\u00f1os y\u00a0 ni\u00f1as,\u00a0 hijos de padres o tutores que no pod\u00edan\u00a0 asumir el cuidado por encontrarse vinculados\u00a0 laboralmente, y\u00a0\u00a0 no tener recursos para prodigarles lo necesario,\u00a0\u00a0 vulner\u00e1ndoles sus derechos, o dej\u00e1ndolos solos\u00a0 en casa, en peligro moral\u00a0 y\u00a0<\/p><p>\u00a0<\/p>\t\t\t\t\t\t\t\t<\/div>\n\t\t\t\t<\/div>\n\t\t\t\t\t<\/div>\n\t\t<\/div>\n\t\t\t\t<div class=\"elementor-column elementor-col-50 elementor-top-column elementor-element elementor-element-7670b543\" data-id=\"7670b543\" data-element_type=\"column\" data-e-type=\"column\">\n\t\t\t<div class=\"elementor-widget-wrap elementor-element-populated\">\n\t\t\t\t\t\t<div class=\"elementor-element elementor-element-1a8fee71 elementor-widget elementor-widget-image\" data-id=\"1a8fee71\" data-element_type=\"widget\" data-e-type=\"widget\" data-widget_type=\"image.default\">\n\t\t\t\t<div class=\"elementor-widget-container\">\n\t\t\t\t\t\t\t\t\t\t\t\t\t\t\t<img fetchpriority=\"high\" decoding=\"async\" width=\"2560\" height=\"1440\" src=\"https:\/\/siervasdelamadrededios.org\/wp-content\/uploads\/2023\/01\/IMG_20170715_141725751-scaled.jpg\" class=\"attachment-full size-full wp-image-965\" alt=\"\" srcset=\"https:\/\/siervasdelamadrededios.org\/wp-content\/uploads\/2023\/01\/IMG_20170715_141725751-scaled.jpg 2560w, https:\/\/siervasdelamadrededios.org\/wp-content\/uploads\/2023\/01\/IMG_20170715_141725751-300x169.jpg 300w, https:\/\/siervasdelamadrededios.org\/wp-content\/uploads\/2023\/01\/IMG_20170715_141725751-1024x576.jpg 1024w, https:\/\/siervasdelamadrededios.org\/wp-content\/uploads\/2023\/01\/IMG_20170715_141725751-768x432.jpg 768w, https:\/\/siervasdelamadrededios.org\/wp-content\/uploads\/2023\/01\/IMG_20170715_141725751-1536x864.jpg 1536w, https:\/\/siervasdelamadrededios.org\/wp-content\/uploads\/2023\/01\/IMG_20170715_141725751-2048x1152.jpg 2048w\" sizes=\"(max-width: 2560px) 100vw, 2560px\" \/>\t\t\t\t\t\t\t\t\t\t\t\t\t\t\t<\/div>\n\t\t\t\t<\/div>\n\t\t\t\t<div class=\"elementor-element elementor-element-27e8e47e elementor-widget elementor-widget-text-editor\" data-id=\"27e8e47e\" data-element_type=\"widget\" data-e-type=\"widget\" data-widget_type=\"text-editor.default\">\n\t\t\t\t<div class=\"elementor-widget-container\">\n\t\t\t\t\t\t\t\t\t<p>f\u00edsico,\u00a0 se recibe\u00a0\u00a0 aprobaci\u00f3n legalmente en octubre de 1975,\u00a0\u00a0 para atender\u00a0 ya a 264 ni\u00f1os\u00a0 entre los 3 meses\u00a0 y los\u00a0 5 a\u00f1os, ni\u00f1os y ni\u00f1as provenientes de\u00a0 los barrios\u00a0 los Laches,\u00a0 San Dionisio La Pe\u00f1a, Roc\u00edo Alto, Medio Y Bajo,\u00a0 barrios El\u00a0 Consuelo, El Dorado, Santa Rosa de Lima, Turbay Ayala\u00a0 entre otros.<\/p><p>En el a\u00f1o 2012\u00a0 en atenci\u00f3n a la Pol\u00edtica p\u00fablica y bajo la estrategia de Cero a Siempre se da comienzo al Centro de Desarrollo Infantil, una gran apuesta a la atenci\u00f3n con calidad,\u00a0\u00a0 hace referencia\u00a0 a una serie de acciones planificadas, continuas y permanentes de car\u00e1cter pol\u00edtico, program\u00e1tico y social encaminadas a asegurar que en cada uno de los entornos en los que transcurre la vida de los ni\u00f1os\u00a0 y\u00a0 las ni\u00f1as en la primera infancia existan las condiciones humanas, materiales y sociales que hagan\u00a0 posible su desarrollo y la garant\u00eda del pleno ejercicio de sus derechos.<\/p><p>Para esta acci\u00f3n se plantea la necesidad de ampliar la cobertura y por lo tanto\u00a0 adecuar la planta f\u00edsica.\u00a0 En\u00a0 esta\u00a0 tarea\u00a0\u00a0 se compromete la Hermana Martha Luc\u00eda Cruz S\u00e1nchez,\u00a0 Ec\u00f3noma General\u00a0\u00a0 dando\u00a0 inicio a la remodelaci\u00f3n en diciembre de 2013 y culminando esta maravillosa obra,\u00a0 en septiembre de 2015\u00a0\u00a0 con la Celebraci\u00f3n\u00a0 eucar\u00edstica\u00a0 y la bendici\u00f3n.\u00a0 Damos gracias a Dios por todas sus bendiciones en favor de esta ni\u00f1ez desprotegida\u00a0 y necesitada y por el regalo de los benefactores que tan generosamente se dispusieron\u00a0 brindar\u00a0\u00a0 su\u00a0 humilde servicio\u00a0 en favorecer\u00a0\u00a0\u00a0 a los m\u00e1s indefensos\u00a0 y para\u00a0 dar la Gloria a Dios\u00a0\u00a0 por\u00a0 tan extraordinaria obra.<\/p>\t\t\t\t\t\t\t\t<\/div>\n\t\t\t\t<\/div>\n\t\t\t\t\t<\/div>\n\t\t<\/div>\n\t\t\t\t\t<\/div>\n\t\t<\/section>\n\t\t\t\t<section class=\"elementor-section elementor-top-section elementor-element elementor-element-18040f10 elementor-section-boxed elementor-section-height-default elementor-section-height-default\" data-id=\"18040f10\" data-element_type=\"section\" data-e-type=\"section\">\n\t\t\t\t\t\t<div class=\"elementor-container elementor-column-gap-default\">\n\t\t\t\t\t<div class=\"elementor-column elementor-col-100 elementor-top-column elementor-element elementor-element-79d13bf5\" data-id=\"79d13bf5\" data-element_type=\"column\" data-e-type=\"column\">\n\t\t\t<div class=\"elementor-widget-wrap elementor-element-populated\">\n\t\t\t\t\t\t<div class=\"elementor-element elementor-element-2ba11bab elementor-widget elementor-widget-video\" data-id=\"2ba11bab\" data-element_type=\"widget\" data-e-type=\"widget\" data-settings=\"{&quot;youtube_url&quot;:&quot;https:\\\/\\\/youtu.be\\\/aImm-6Pd_9E&quot;,&quot;video_type&quot;:&quot;youtube&quot;,&quot;controls&quot;:&quot;yes&quot;}\" data-widget_type=\"video.default\">\n\t\t\t\t<div class=\"elementor-widget-container\">\n\t\t\t\t\t\t\t<div class=\"elementor-wrapper elementor-open-inline\">\n\t\t\t<div class=\"elementor-video\"><\/div>\t\t<\/div>\n\t\t\t\t\t\t<\/div>\n\t\t\t\t<\/div>\n\t\t\t\t\t<\/div>\n\t\t<\/div>\n\t\t\t\t\t<\/div>\n\t\t<\/section>\n\t\t\t\t<section class=\"elementor-section elementor-top-section elementor-element elementor-element-31079233 elementor-section-boxed elementor-section-height-default elementor-section-height-default\" data-id=\"31079233\" data-element_type=\"section\" data-e-type=\"section\">\n\t\t\t\t\t\t<div class=\"elementor-container elementor-column-gap-default\">\n\t\t\t\t\t<div class=\"elementor-column elementor-col-50 elementor-top-column elementor-element elementor-element-5a8beb95\" data-id=\"5a8beb95\" data-element_type=\"column\" data-e-type=\"column\">\n\t\t\t<div class=\"elementor-widget-wrap elementor-element-populated\">\n\t\t\t\t\t\t<div class=\"elementor-element elementor-element-5a199a8e elementor-widget elementor-widget-heading\" data-id=\"5a199a8e\" data-element_type=\"widget\" data-e-type=\"widget\" data-widget_type=\"heading.default\">\n\t\t\t\t<div class=\"elementor-widget-container\">\n\t\t\t\t\t<h2 class=\"elementor-heading-title elementor-size-default\">Contacto de la Obra<\/h2>\t\t\t\t<\/div>\n\t\t\t\t<\/div>\n\t\t\t\t<div class=\"elementor-element elementor-element-16888c3c elementor-widget-divider--view-line elementor-widget elementor-widget-divider\" data-id=\"16888c3c\" data-element_type=\"widget\" data-e-type=\"widget\" data-widget_type=\"divider.default\">\n\t\t\t\t<div class=\"elementor-widget-container\">\n\t\t\t\t\t\t\t<div class=\"elementor-divider\">\n\t\t\t<span class=\"elementor-divider-separator\">\n\t\t\t\t\t\t<\/span>\n\t\t<\/div>\n\t\t\t\t\t\t<\/div>\n\t\t\t\t<\/div>\n\t\t\t\t<div class=\"elementor-element elementor-element-6f173502 elementor-icon-list--layout-traditional elementor-list-item-link-full_width elementor-widget elementor-widget-icon-list\" data-id=\"6f173502\" data-element_type=\"widget\" data-e-type=\"widget\" data-widget_type=\"icon-list.default\">\n\t\t\t\t<div class=\"elementor-widget-container\">\n\t\t\t\t\t\t\t<ul class=\"elementor-icon-list-items\">\n\t\t\t\t\t\t\t<li class=\"elementor-icon-list-item\">\n\t\t\t\t\t\t\t\t\t\t\t<span class=\"elementor-icon-list-icon\">\n\t\t\t\t\t\t\t<i aria-hidden=\"true\" class=\"fas fa-child\"><\/i>\t\t\t\t\t\t<\/span>\n\t\t\t\t\t\t\t\t\t\t<span class=\"elementor-icon-list-text\">Hna. Flor Elvira Castillo<\/span>\n\t\t\t\t\t\t\t\t\t<\/li>\n\t\t\t\t\t\t\t\t<li class=\"elementor-icon-list-item\">\n\t\t\t\t\t\t\t\t\t\t\t<span class=\"elementor-icon-list-icon\">\n\t\t\t\t\t\t\t<i aria-hidden=\"true\" class=\"fas fa-location-arrow\"><\/i>\t\t\t\t\t\t<\/span>\n\t\t\t\t\t\t\t\t\t\t<span class=\"elementor-icon-list-text\">Elemento de lista n\u00ba2<\/span>\n\t\t\t\t\t\t\t\t\t<\/li>\n\t\t\t\t\t\t\t\t<li class=\"elementor-icon-list-item\">\n\t\t\t\t\t\t\t\t\t\t\t<span class=\"elementor-icon-list-icon\">\n\t\t\t\t\t\t\t<i aria-hidden=\"true\" class=\"fas fa-dot-circle\"><\/i>\t\t\t\t\t\t<\/span>\n\t\t\t\t\t\t\t\t\t\t<span class=\"elementor-icon-list-text\">Elemento de lista n\u00ba3<\/span>\n\t\t\t\t\t\t\t\t\t<\/li>\n\t\t\t\t\t\t\t\t<li class=\"elementor-icon-list-item\">\n\t\t\t\t\t\t\t\t\t\t\t<span class=\"elementor-icon-list-icon\">\n\t\t\t\t\t\t\t<i aria-hidden=\"true\" class=\"fab fa-whatsapp-square\"><\/i>\t\t\t\t\t\t<\/span>\n\t\t\t\t\t\t\t\t\t\t<span class=\"elementor-icon-list-text\">Elemento de lista<\/span>\n\t\t\t\t\t\t\t\t\t<\/li>\n\t\t\t\t\t\t\t\t<li class=\"elementor-icon-list-item\">\n\t\t\t\t\t\t\t\t\t\t\t<span class=\"elementor-icon-list-icon\">\n\t\t\t\t\t\t\t<i aria-hidden=\"true\" class=\"fab fa-facebook\"><\/i>\t\t\t\t\t\t<\/span>\n\t\t\t\t\t\t\t\t\t\t<span class=\"elementor-icon-list-text\">Elemento de lista<\/span>\n\t\t\t\t\t\t\t\t\t<\/li>\n\t\t\t\t\t\t\t\t<li class=\"elementor-icon-list-item\">\n\t\t\t\t\t\t\t\t\t\t\t<span class=\"elementor-icon-list-icon\">\n\t\t\t\t\t\t\t<i aria-hidden=\"true\" class=\"fab fa-instagram\"><\/i>\t\t\t\t\t\t<\/span>\n\t\t\t\t\t\t\t\t\t\t<span class=\"elementor-icon-list-text\">Elemento de lista<\/span>\n\t\t\t\t\t\t\t\t\t<\/li>\n\t\t\t\t\t\t<\/ul>\n\t\t\t\t\t\t<\/div>\n\t\t\t\t<\/div>\n\t\t\t\t\t<\/div>\n\t\t<\/div>\n\t\t\t\t<div class=\"elementor-column elementor-col-50 elementor-top-column elementor-element elementor-element-15bb7fc7\" data-id=\"15bb7fc7\" data-element_type=\"column\" data-e-type=\"column\">\n\t\t\t<div class=\"elementor-widget-wrap elementor-element-populated\">\n\t\t\t\t\t\t<div class=\"elementor-element elementor-element-48486690 elementor-widget elementor-widget-google_maps\" data-id=\"48486690\" data-element_type=\"widget\" data-e-type=\"widget\" data-widget_type=\"google_maps.default\">\n\t\t\t\t<div class=\"elementor-widget-container\">\n\t\t\t\t\t\t\t<div class=\"elementor-custom-embed\">\n\t\t\t<iframe loading=\"lazy\"\n\t\t\t\t\tsrc=\"https:\/\/maps.google.com\/maps?q=London%20Eye%2C%20Londres%2C%20Reino%20Unido&#038;t=m&#038;z=10&#038;output=embed&#038;iwloc=near\"\n\t\t\t\t\ttitle=\"London Eye, Londres, Reino Unido\"\n\t\t\t\t\taria-label=\"London Eye, Londres, Reino Unido\"\n\t\t\t><\/iframe>\n\t\t<\/div>\n\t\t\t\t\t\t<\/div>\n\t\t\t\t<\/div>\n\t\t\t\t\t<\/div>\n\t\t<\/div>\n\t\t\t\t\t<\/div>\n\t\t<\/section>\n\t\t\t\t<\/div>\n\t\t","protected":false},"excerpt":{"rendered":"<p>Centro InfantilMadre de Dios RESE\u00d1A DE LA OBRA La comunidad llega\u00a0 a la Parroquia Nuestra Se\u00f1ora de la Pe\u00f1a\u00a0 en\u00a0 el\u00a0 barrio\u00a0 Los Laches el d\u00eda 27 de junio de 1968\u00a0 donde\u00a0 fueron acogidas por el Presb\u00edtero Eneas Jim\u00e9nez, quien les brind\u00f3 apoyo espiritual, moral y econ\u00f3mico,\u00a0 para una labor\u00a0 de tipo pastoral ya que [&hellip;]<\/p>\n","protected":false},"author":1,"featured_media":0,"parent":0,"menu_order":0,"comment_status":"closed","ping_status":"closed","template":"elementor_canvas","meta":{"om_disable_all_campaigns":false,"_monsterinsights_skip_tracking":false,"_monsterinsights_sitenote_active":false,"_monsterinsights_sitenote_note":"","_monsterinsights_sitenote_category":0,"site-sidebar-layout":"no-sidebar","site-content-layout":"page-builder","ast-site-content-layout":"default","site-content-style":"default","site-sidebar-style":"default","ast-global-header-display":"","ast-banner-title-visibility":"","ast-main-header-display":"","ast-hfb-above-header-display":"","ast-hfb-below-header-display":"","ast-hfb-mobile-header-display":"","site-post-title":"disabled","ast-breadcrumbs-content":"","ast-featured-img":"disabled","footer-sml-layout":"","ast-disable-related-posts":"","theme-transparent-header-meta":"","adv-header-id-meta":"","stick-header-meta":"","header-above-stick-meta":"","header-main-stick-meta":"","header-below-stick-meta":"","astra-migrate-meta-layouts":"default","ast-page-background-enabled":"default","ast-page-background-meta":{"desktop":{"background-color":"","background-image":"","background-repeat":"repeat","background-position":"center center","background-size":"auto","background-attachment":"scroll","background-type":"","background-media":"","overlay-type":"","overlay-color":"","overlay-opacity":"","overlay-gradient":""},"tablet":{"background-color":"","background-image":"","background-repeat":"repeat","background-position":"center center","background-size":"auto","background-attachment":"scroll","background-type":"","background-media":"","overlay-type":"","overlay-color":"","overlay-opacity":"","overlay-gradient":""},"mobile":{"background-color":"","background-image":"","background-repeat":"repeat","background-position":"center center","background-size":"auto","background-attachment":"scroll","background-type":"","background-media":"","overlay-type":"","overlay-color":"","overlay-opacity":"","overlay-gradient":""}},"ast-content-background-meta":{"desktop":{"background-color":"var(--ast-global-color-5)","background-image":"","background-repeat":"repeat","background-position":"center center","background-size":"auto","background-attachment":"scroll","background-type":"","background-media":"","overlay-type":"","overlay-color":"","overlay-opacity":"","overlay-gradient":""},"tablet":{"background-color":"var(--ast-global-color-5)","background-image":"","background-repeat":"repeat","background-position":"center center","background-size":"auto","background-attachment":"scroll","background-type":"","background-media":"","overlay-type":"","overlay-color":"","overlay-opacity":"","overlay-gradient":""},"mobile":{"background-color":"var(--ast-global-color-5)","background-image":"","background-repeat":"repeat","background-position":"center center","background-size":"auto","background-attachment":"scroll","background-type":"","background-media":"","overlay-type":"","overlay-color":"","overlay-opacity":"","overlay-gradient":""}},"footnotes":""},"class_list":["post-1295","page","type-page","status-publish","hentry"],"yoast_head":"<!-- This site is optimized with the Yoast SEO plugin v27.4 - https:\/\/yoast.com\/product\/yoast-seo-wordpress\/ -->\n<title>CENTRO INFANTIL MADRE DE DIOS - Siervas de la Madre de Dios<\/title>\n<meta name=\"robots\" content=\"index, follow, max-snippet:-1, max-image-preview:large, max-video-preview:-1\" \/>\n<link rel=\"canonical\" href=\"https:\/\/siervasdelamadrededios.org\/?page_id=1295\" \/>\n<meta property=\"og:locale\" content=\"es_ES\" \/>\n<meta property=\"og:type\" content=\"article\" \/>\n<meta property=\"og:title\" content=\"CENTRO INFANTIL MADRE DE DIOS - Siervas de la Madre de Dios\" \/>\n<meta property=\"og:description\" content=\"Centro InfantilMadre de Dios RESE\u00d1A DE LA OBRA La comunidad llega\u00a0 a la Parroquia Nuestra Se\u00f1ora de la Pe\u00f1a\u00a0 en\u00a0 el\u00a0 barrio\u00a0 Los Laches el d\u00eda 27 de junio de 1968\u00a0 donde\u00a0 fueron acogidas por el Presb\u00edtero Eneas Jim\u00e9nez, quien les brind\u00f3 apoyo espiritual, moral y econ\u00f3mico,\u00a0 para una labor\u00a0 de tipo pastoral ya que [&hellip;]\" \/>\n<meta property=\"og:url\" content=\"https:\/\/siervasdelamadrededios.org\/?page_id=1295\" \/>\n<meta property=\"og:site_name\" content=\"Siervas de la Madre de Dios\" \/>\n<meta property=\"article:modified_time\" content=\"2025-06-11T21:17:26+00:00\" \/>\n<meta property=\"og:image\" content=\"https:\/\/siervasdelamadrededios.org\/wp-content\/uploads\/2023\/01\/IMG_20170715_141725751-scaled.jpg\" \/>\n\t<meta property=\"og:image:width\" content=\"2560\" \/>\n\t<meta property=\"og:image:height\" content=\"1440\" \/>\n\t<meta property=\"og:image:type\" content=\"image\/jpeg\" \/>\n<meta name=\"twitter:card\" content=\"summary_large_image\" \/>\n<meta name=\"twitter:label1\" content=\"Tiempo de lectura\" \/>\n\t<meta name=\"twitter:data1\" content=\"3 minutos\" \/>\n<script type=\"application\/ld+json\" class=\"yoast-schema-graph\">{\"@context\":\"https:\\\/\\\/schema.org\",\"@graph\":[{\"@type\":\"WebPage\",\"@id\":\"https:\\\/\\\/siervasdelamadrededios.org\\\/?page_id=1295\",\"url\":\"https:\\\/\\\/siervasdelamadrededios.org\\\/?page_id=1295\",\"name\":\"CENTRO INFANTIL MADRE DE DIOS - Siervas de la Madre de Dios\",\"isPartOf\":{\"@id\":\"https:\\\/\\\/siervasdelamadrededios.org\\\/#website\"},\"primaryImageOfPage\":{\"@id\":\"https:\\\/\\\/siervasdelamadrededios.org\\\/?page_id=1295#primaryimage\"},\"image\":{\"@id\":\"https:\\\/\\\/siervasdelamadrededios.org\\\/?page_id=1295#primaryimage\"},\"thumbnailUrl\":\"https:\\\/\\\/siervasdelamadrededios.org\\\/wp-content\\\/uploads\\\/2023\\\/01\\\/IMG_20170715_141725751-scaled.jpg\",\"datePublished\":\"2023-04-11T14:48:30+00:00\",\"dateModified\":\"2025-06-11T21:17:26+00:00\",\"breadcrumb\":{\"@id\":\"https:\\\/\\\/siervasdelamadrededios.org\\\/?page_id=1295#breadcrumb\"},\"inLanguage\":\"es-CO\",\"potentialAction\":[{\"@type\":\"ReadAction\",\"target\":[\"https:\\\/\\\/siervasdelamadrededios.org\\\/?page_id=1295\"]}]},{\"@type\":\"ImageObject\",\"inLanguage\":\"es-CO\",\"@id\":\"https:\\\/\\\/siervasdelamadrededios.org\\\/?page_id=1295#primaryimage\",\"url\":\"https:\\\/\\\/siervasdelamadrededios.org\\\/wp-content\\\/uploads\\\/2023\\\/01\\\/IMG_20170715_141725751-scaled.jpg\",\"contentUrl\":\"https:\\\/\\\/siervasdelamadrededios.org\\\/wp-content\\\/uploads\\\/2023\\\/01\\\/IMG_20170715_141725751-scaled.jpg\",\"width\":2560,\"height\":1440},{\"@type\":\"BreadcrumbList\",\"@id\":\"https:\\\/\\\/siervasdelamadrededios.org\\\/?page_id=1295#breadcrumb\",\"itemListElement\":[{\"@type\":\"ListItem\",\"position\":1,\"name\":\"Inicio\",\"item\":\"https:\\\/\\\/siervasdelamadrededios.org\\\/\"},{\"@type\":\"ListItem\",\"position\":2,\"name\":\"CENTRO INFANTIL MADRE DE DIOS\"}]},{\"@type\":\"WebSite\",\"@id\":\"https:\\\/\\\/siervasdelamadrededios.org\\\/#website\",\"url\":\"https:\\\/\\\/siervasdelamadrededios.org\\\/\",\"name\":\"Siervas de la Madre de Dios\",\"description\":\"Congregaci\u00f3n Religiosa\",\"publisher\":{\"@id\":\"https:\\\/\\\/siervasdelamadrededios.org\\\/#organization\"},\"potentialAction\":[{\"@type\":\"SearchAction\",\"target\":{\"@type\":\"EntryPoint\",\"urlTemplate\":\"https:\\\/\\\/siervasdelamadrededios.org\\\/?s={search_term_string}\"},\"query-input\":{\"@type\":\"PropertyValueSpecification\",\"valueRequired\":true,\"valueName\":\"search_term_string\"}}],\"inLanguage\":\"es-CO\"},{\"@type\":\"Organization\",\"@id\":\"https:\\\/\\\/siervasdelamadrededios.org\\\/#organization\",\"name\":\"Siervas de la Madre de Dios\",\"url\":\"https:\\\/\\\/siervasdelamadrededios.org\\\/\",\"logo\":{\"@type\":\"ImageObject\",\"inLanguage\":\"es-CO\",\"@id\":\"https:\\\/\\\/siervasdelamadrededios.org\\\/#\\\/schema\\\/logo\\\/image\\\/\",\"url\":\"https:\\\/\\\/siervasdelamadrededios.org\\\/wp-content\\\/uploads\\\/2022\\\/12\\\/Logo-SMD-Menu2-GRIS.svg\",\"contentUrl\":\"https:\\\/\\\/siervasdelamadrededios.org\\\/wp-content\\\/uploads\\\/2022\\\/12\\\/Logo-SMD-Menu2-GRIS.svg\",\"width\":255,\"height\":200,\"caption\":\"Siervas de la Madre de Dios\"},\"image\":{\"@id\":\"https:\\\/\\\/siervasdelamadrededios.org\\\/#\\\/schema\\\/logo\\\/image\\\/\"}}]}<\/script>\n<!-- \/ Yoast SEO plugin. -->","yoast_head_json":{"title":"CENTRO INFANTIL MADRE DE DIOS - Siervas de la Madre de Dios","robots":{"index":"index","follow":"follow","max-snippet":"max-snippet:-1","max-image-preview":"max-image-preview:large","max-video-preview":"max-video-preview:-1"},"canonical":"https:\/\/siervasdelamadrededios.org\/?page_id=1295","og_locale":"es_ES","og_type":"article","og_title":"CENTRO INFANTIL MADRE DE DIOS - Siervas de la Madre de Dios","og_description":"Centro InfantilMadre de Dios RESE\u00d1A DE LA OBRA La comunidad llega\u00a0 a la Parroquia Nuestra Se\u00f1ora de la Pe\u00f1a\u00a0 en\u00a0 el\u00a0 barrio\u00a0 Los Laches el d\u00eda 27 de junio de 1968\u00a0 donde\u00a0 fueron acogidas por el Presb\u00edtero Eneas Jim\u00e9nez, quien les brind\u00f3 apoyo espiritual, moral y econ\u00f3mico,\u00a0 para una labor\u00a0 de tipo pastoral ya que [&hellip;]","og_url":"https:\/\/siervasdelamadrededios.org\/?page_id=1295","og_site_name":"Siervas de la Madre de Dios","article_modified_time":"2025-06-11T21:17:26+00:00","og_image":[{"width":2560,"height":1440,"url":"https:\/\/siervasdelamadrededios.org\/wp-content\/uploads\/2023\/01\/IMG_20170715_141725751-scaled.jpg","type":"image\/jpeg"}],"twitter_card":"summary_large_image","twitter_misc":{"Tiempo de lectura":"3 minutos"},"schema":{"@context":"https:\/\/schema.org","@graph":[{"@type":"WebPage","@id":"https:\/\/siervasdelamadrededios.org\/?page_id=1295","url":"https:\/\/siervasdelamadrededios.org\/?page_id=1295","name":"CENTRO INFANTIL MADRE DE DIOS - Siervas de la Madre de Dios","isPartOf":{"@id":"https:\/\/siervasdelamadrededios.org\/#website"},"primaryImageOfPage":{"@id":"https:\/\/siervasdelamadrededios.org\/?page_id=1295#primaryimage"},"image":{"@id":"https:\/\/siervasdelamadrededios.org\/?page_id=1295#primaryimage"},"thumbnailUrl":"https:\/\/siervasdelamadrededios.org\/wp-content\/uploads\/2023\/01\/IMG_20170715_141725751-scaled.jpg","datePublished":"2023-04-11T14:48:30+00:00","dateModified":"2025-06-11T21:17:26+00:00","breadcrumb":{"@id":"https:\/\/siervasdelamadrededios.org\/?page_id=1295#breadcrumb"},"inLanguage":"es-CO","potentialAction":[{"@type":"ReadAction","target":["https:\/\/siervasdelamadrededios.org\/?page_id=1295"]}]},{"@type":"ImageObject","inLanguage":"es-CO","@id":"https:\/\/siervasdelamadrededios.org\/?page_id=1295#primaryimage","url":"https:\/\/siervasdelamadrededios.org\/wp-content\/uploads\/2023\/01\/IMG_20170715_141725751-scaled.jpg","contentUrl":"https:\/\/siervasdelamadrededios.org\/wp-content\/uploads\/2023\/01\/IMG_20170715_141725751-scaled.jpg","width":2560,"height":1440},{"@type":"BreadcrumbList","@id":"https:\/\/siervasdelamadrededios.org\/?page_id=1295#breadcrumb","itemListElement":[{"@type":"ListItem","position":1,"name":"Inicio","item":"https:\/\/siervasdelamadrededios.org\/"},{"@type":"ListItem","position":2,"name":"CENTRO INFANTIL MADRE DE DIOS"}]},{"@type":"WebSite","@id":"https:\/\/siervasdelamadrededios.org\/#website","url":"https:\/\/siervasdelamadrededios.org\/","name":"Siervas de la Madre de Dios","description":"Congregaci\u00f3n Religiosa","publisher":{"@id":"https:\/\/siervasdelamadrededios.org\/#organization"},"potentialAction":[{"@type":"SearchAction","target":{"@type":"EntryPoint","urlTemplate":"https:\/\/siervasdelamadrededios.org\/?s={search_term_string}"},"query-input":{"@type":"PropertyValueSpecification","valueRequired":true,"valueName":"search_term_string"}}],"inLanguage":"es-CO"},{"@type":"Organization","@id":"https:\/\/siervasdelamadrededios.org\/#organization","name":"Siervas de la Madre de Dios","url":"https:\/\/siervasdelamadrededios.org\/","logo":{"@type":"ImageObject","inLanguage":"es-CO","@id":"https:\/\/siervasdelamadrededios.org\/#\/schema\/logo\/image\/","url":"https:\/\/siervasdelamadrededios.org\/wp-content\/uploads\/2022\/12\/Logo-SMD-Menu2-GRIS.svg","contentUrl":"https:\/\/siervasdelamadrededios.org\/wp-content\/uploads\/2022\/12\/Logo-SMD-Menu2-GRIS.svg","width":255,"height":200,"caption":"Siervas de la Madre de Dios"},"image":{"@id":"https:\/\/siervasdelamadrededios.org\/#\/schema\/logo\/image\/"}}]}},"_links":{"self":[{"href":"https:\/\/siervasdelamadrededios.org\/index.php?rest_route=\/wp\/v2\/pages\/1295","targetHints":{"allow":["GET"]}}],"collection":[{"href":"https:\/\/siervasdelamadrededios.org\/index.php?rest_route=\/wp\/v2\/pages"}],"about":[{"href":"https:\/\/siervasdelamadrededios.org\/index.php?rest_route=\/wp\/v2\/types\/page"}],"author":[{"embeddable":true,"href":"https:\/\/siervasdelamadrededios.org\/index.php?rest_route=\/wp\/v2\/users\/1"}],"replies":[{"embeddable":true,"href":"https:\/\/siervasdelamadrededios.org\/index.php?rest_route=%2Fwp%2Fv2%2Fcomments&post=1295"}],"version-history":[{"count":10,"href":"https:\/\/siervasdelamadrededios.org\/index.php?rest_route=\/wp\/v2\/pages\/1295\/revisions"}],"predecessor-version":[{"id":2106,"href":"https:\/\/siervasdelamadrededios.org\/index.php?rest_route=\/wp\/v2\/pages\/1295\/revisions\/2106"}],"wp:attachment":[{"href":"https:\/\/siervasdelamadrededios.org\/index.php?rest_route=%2Fwp%2Fv2%2Fmedia&parent=1295"}],"curies":[{"name":"wp","href":"https:\/\/api.w.org\/{rel}","templated":true}]}}