{"id":1426,"date":"2023-04-11T21:54:21","date_gmt":"2023-04-11T21:54:21","guid":{"rendered":"https:\/\/siervasdelamadrededios.org\/?page_id=1426"},"modified":"2026-02-16T19:10:15","modified_gmt":"2026-02-16T19:10:15","slug":"liceo-madre-elisa-palmira","status":"publish","type":"page","link":"https:\/\/siervasdelamadrededios.org\/?page_id=1426","title":{"rendered":"LICEO MADRE ELISA &#8211; PALMIRA"},"content":{"rendered":"\t\t<div data-elementor-type=\"wp-page\" data-elementor-id=\"1426\" class=\"elementor elementor-1426\" data-elementor-post-type=\"page\">\n\t\t\t\t\t\t<section class=\"elementor-section elementor-top-section elementor-element elementor-element-5707564b elementor-section-boxed elementor-section-height-default elementor-section-height-default\" data-id=\"5707564b\" data-element_type=\"section\" data-e-type=\"section\" data-settings=\"{&quot;background_background&quot;:&quot;classic&quot;}\">\n\t\t\t\t\t\t\t<div class=\"elementor-background-overlay\"><\/div>\n\t\t\t\t\t\t\t<div class=\"elementor-container elementor-column-gap-default\">\n\t\t\t\t\t<div class=\"elementor-column elementor-col-100 elementor-top-column elementor-element elementor-element-241e5f1e\" data-id=\"241e5f1e\" data-element_type=\"column\" data-e-type=\"column\">\n\t\t\t<div class=\"elementor-widget-wrap elementor-element-populated\">\n\t\t\t\t\t\t<div class=\"elementor-element elementor-element-6d5c1fae elementor-widget elementor-widget-heading\" data-id=\"6d5c1fae\" data-element_type=\"widget\" data-e-type=\"widget\" data-widget_type=\"heading.default\">\n\t\t\t\t<div class=\"elementor-widget-container\">\n\t\t\t\t\t<h1 class=\"elementor-heading-title elementor-size-default\">LICEO <br> MADRE ELISA<\/h1>\t\t\t\t<\/div>\n\t\t\t\t<\/div>\n\t\t\t\t\t<\/div>\n\t\t<\/div>\n\t\t\t\t\t<\/div>\n\t\t<\/section>\n\t\t\t\t<section class=\"elementor-section elementor-top-section elementor-element elementor-element-4d456512 elementor-section-boxed elementor-section-height-default elementor-section-height-default\" data-id=\"4d456512\" data-element_type=\"section\" data-e-type=\"section\">\n\t\t\t\t\t\t<div class=\"elementor-container elementor-column-gap-default\">\n\t\t\t\t\t<div class=\"elementor-column elementor-col-50 elementor-top-column elementor-element elementor-element-6dd7ab29\" data-id=\"6dd7ab29\" data-element_type=\"column\" data-e-type=\"column\">\n\t\t\t<div class=\"elementor-widget-wrap elementor-element-populated\">\n\t\t\t\t\t\t<div class=\"elementor-element elementor-element-1fd561b0 elementor-widget elementor-widget-heading\" data-id=\"1fd561b0\" data-element_type=\"widget\" data-e-type=\"widget\" data-widget_type=\"heading.default\">\n\t\t\t\t<div class=\"elementor-widget-container\">\n\t\t\t\t\t<h2 class=\"elementor-heading-title elementor-size-default\">RESE\u00d1A DE LA OBRA<\/h2>\t\t\t\t<\/div>\n\t\t\t\t<\/div>\n\t\t\t\t<div class=\"elementor-element elementor-element-17b7b0db elementor-widget-divider--view-line elementor-widget elementor-widget-divider\" data-id=\"17b7b0db\" data-element_type=\"widget\" data-e-type=\"widget\" data-widget_type=\"divider.default\">\n\t\t\t\t<div class=\"elementor-widget-container\">\n\t\t\t\t\t\t\t<div class=\"elementor-divider\">\n\t\t\t<span class=\"elementor-divider-separator\">\n\t\t\t\t\t\t<\/span>\n\t\t<\/div>\n\t\t\t\t\t\t<\/div>\n\t\t\t\t<\/div>\n\t\t\t\t<div class=\"elementor-element elementor-element-1985d52b elementor-widget elementor-widget-text-editor\" data-id=\"1985d52b\" data-element_type=\"widget\" data-e-type=\"widget\" data-widget_type=\"text-editor.default\">\n\t\t\t\t<div class=\"elementor-widget-container\">\n\t\t\t\t\t\t\t\t\t<p>En\u00a0 el a\u00f1o 1999 la Hna. Concepci\u00f3n Ch\u00e1vez Brand\u00a0 quien pertenece a la Congregaci\u00f3n Siervas de la Madre de Dios, dio inicio a la sala cuna \u201cSue\u00f1os Infantiles\u201d con 8 ni\u00f1os entre la edad de 7 a 8 meses, quienes colaboraban en esta linda misi\u00f3n eran las aspirantes al noviciado.<\/p><p>Igualmente en el a\u00f1o 2001 la Hna. Mar\u00eda Teresa Cartagena estuvo a cargo por un tiempo de la Sala cuna velando por su buen funcionamiento y servicio que se prestaba a la comunidad. El 1 de septiembre del mismo a\u00f1o\u00a0 bajo la direcci\u00f3n de la Hna. Rosa Edilma Giraldo se cambi\u00f3 el nombre de Sala Cuna \u201cSue\u00f1os Infantiles\u201d a \u201cliceo Madre Elisa\u201d, donde se dio apertura a los grados iniciales hasta preescolar (materno, p\u00e1rvulos, pre jard\u00edn, jard\u00edn, transici\u00f3n).<\/p>\t\t\t\t\t\t\t\t<\/div>\n\t\t\t\t<\/div>\n\t\t\t\t\t<\/div>\n\t\t<\/div>\n\t\t\t\t<div class=\"elementor-column elementor-col-50 elementor-top-column elementor-element elementor-element-3ce091ed\" data-id=\"3ce091ed\" data-element_type=\"column\" data-e-type=\"column\">\n\t\t\t<div class=\"elementor-widget-wrap elementor-element-populated\">\n\t\t\t\t\t\t<div class=\"elementor-element elementor-element-18e719b0 elementor-widget elementor-widget-image\" data-id=\"18e719b0\" data-element_type=\"widget\" data-e-type=\"widget\" data-widget_type=\"image.default\">\n\t\t\t\t<div class=\"elementor-widget-container\">\n\t\t\t\t\t\t\t\t\t\t\t\t\t\t\t<img fetchpriority=\"high\" decoding=\"async\" width=\"1920\" height=\"1080\" src=\"https:\/\/siervasdelamadrededios.org\/wp-content\/uploads\/2026\/02\/MVI_8243.00_00_26_47.Imagen-fija017.jpg\" class=\"attachment-full size-full wp-image-3036\" alt=\"\" srcset=\"https:\/\/siervasdelamadrededios.org\/wp-content\/uploads\/2026\/02\/MVI_8243.00_00_26_47.Imagen-fija017.jpg 1920w, https:\/\/siervasdelamadrededios.org\/wp-content\/uploads\/2026\/02\/MVI_8243.00_00_26_47.Imagen-fija017-300x169.jpg 300w, https:\/\/siervasdelamadrededios.org\/wp-content\/uploads\/2026\/02\/MVI_8243.00_00_26_47.Imagen-fija017-1024x576.jpg 1024w, https:\/\/siervasdelamadrededios.org\/wp-content\/uploads\/2026\/02\/MVI_8243.00_00_26_47.Imagen-fija017-768x432.jpg 768w, https:\/\/siervasdelamadrededios.org\/wp-content\/uploads\/2026\/02\/MVI_8243.00_00_26_47.Imagen-fija017-1536x864.jpg 1536w\" sizes=\"(max-width: 1920px) 100vw, 1920px\" \/>\t\t\t\t\t\t\t\t\t\t\t\t\t\t\t<\/div>\n\t\t\t\t<\/div>\n\t\t\t\t<div class=\"elementor-element elementor-element-54652490 elementor-widget elementor-widget-text-editor\" data-id=\"54652490\" data-element_type=\"widget\" data-e-type=\"widget\" data-widget_type=\"text-editor.default\">\n\t\t\t\t<div class=\"elementor-widget-container\">\n\t\t\t\t\t\t\t\t\t<p>En el a\u00f1o 2014 se obtuvo la licencia de funcionamiento general de los niveles de preescolar, b\u00e1sica primaria, b\u00e1sica secundaria y media acad\u00e9mica mediante la resoluci\u00f3n 1166 de 2 de abril de 2014. La primera promoci\u00f3n de la media acad\u00e9mica se dio en el a\u00f1o\u00a0 2015-2016, donde se graduaron 26 estudiantes con carisma Elisiano.<\/p>\t\t\t\t\t\t\t\t<\/div>\n\t\t\t\t<\/div>\n\t\t\t\t\t<\/div>\n\t\t<\/div>\n\t\t\t\t\t<\/div>\n\t\t<\/section>\n\t\t\t\t<section class=\"elementor-section elementor-top-section elementor-element elementor-element-120e8dd8 elementor-section-boxed elementor-section-height-default elementor-section-height-default\" data-id=\"120e8dd8\" data-element_type=\"section\" data-e-type=\"section\">\n\t\t\t\t\t\t<div class=\"elementor-container elementor-column-gap-default\">\n\t\t\t\t\t<div class=\"elementor-column elementor-col-100 elementor-top-column elementor-element elementor-element-5466630d\" data-id=\"5466630d\" data-element_type=\"column\" data-e-type=\"column\">\n\t\t\t<div class=\"elementor-widget-wrap elementor-element-populated\">\n\t\t\t\t\t\t<div class=\"elementor-element elementor-element-4990614f elementor-widget elementor-widget-video\" data-id=\"4990614f\" data-element_type=\"widget\" data-e-type=\"widget\" data-settings=\"{&quot;video_type&quot;:&quot;hosted&quot;,&quot;autoplay&quot;:&quot;yes&quot;,&quot;loop&quot;:&quot;yes&quot;,&quot;controls&quot;:&quot;yes&quot;}\" data-widget_type=\"video.default\">\n\t\t\t\t<div class=\"elementor-widget-container\">\n\t\t\t\t\t\t\t<div class=\"e-hosted-video elementor-wrapper elementor-open-inline\">\n\t\t\t\t\t<video class=\"elementor-video\" src=\"https:\/\/siervasdelamadrededios.org\/wp-content\/uploads\/2026\/02\/COLEGIO-MADRE-ELISA.mp4\" autoplay=\"\" loop=\"\" controls=\"\" controlsList=\"nodownload\"><\/video>\n\t\t\t\t<\/div>\n\t\t\t\t\t\t<\/div>\n\t\t\t\t<\/div>\n\t\t\t\t\t<\/div>\n\t\t<\/div>\n\t\t\t\t\t<\/div>\n\t\t<\/section>\n\t\t\t\t<section class=\"elementor-section elementor-top-section elementor-element elementor-element-4be5a8a elementor-section-boxed elementor-section-height-default elementor-section-height-default\" data-id=\"4be5a8a\" data-element_type=\"section\" data-e-type=\"section\">\n\t\t\t\t\t\t<div class=\"elementor-container elementor-column-gap-default\">\n\t\t\t\t\t<div class=\"elementor-column elementor-col-100 elementor-top-column elementor-element elementor-element-808a38a\" data-id=\"808a38a\" data-element_type=\"column\" data-e-type=\"column\">\n\t\t\t<div class=\"elementor-widget-wrap elementor-element-populated\">\n\t\t\t\t\t\t<div class=\"elementor-element elementor-element-74709ab3 elementor-widget elementor-widget-heading\" data-id=\"74709ab3\" data-element_type=\"widget\" data-e-type=\"widget\" data-widget_type=\"heading.default\">\n\t\t\t\t<div class=\"elementor-widget-container\">\n\t\t\t\t\t<h2 class=\"elementor-heading-title elementor-size-default\">Ubicaci\u00f3n de la obra<\/h2>\t\t\t\t<\/div>\n\t\t\t\t<\/div>\n\t\t\t\t<div class=\"elementor-element elementor-element-323edf17 elementor-widget-divider--view-line elementor-widget elementor-widget-divider\" data-id=\"323edf17\" data-element_type=\"widget\" data-e-type=\"widget\" data-widget_type=\"divider.default\">\n\t\t\t\t<div class=\"elementor-widget-container\">\n\t\t\t\t\t\t\t<div class=\"elementor-divider\">\n\t\t\t<span class=\"elementor-divider-separator\">\n\t\t\t\t\t\t<\/span>\n\t\t<\/div>\n\t\t\t\t\t\t<\/div>\n\t\t\t\t<\/div>\n\t\t\t\t<div class=\"elementor-element elementor-element-64f7f99d elementor-widget elementor-widget-google_maps\" data-id=\"64f7f99d\" data-element_type=\"widget\" data-e-type=\"widget\" data-widget_type=\"google_maps.default\">\n\t\t\t\t<div class=\"elementor-widget-container\">\n\t\t\t\t\t\t\t<div class=\"elementor-custom-embed\">\n\t\t\t<iframe loading=\"lazy\"\n\t\t\t\t\tsrc=\"https:\/\/maps.google.com\/maps?q=Iglesia%20ni%C3%B1o%20pobre&#038;t=m&#038;z=10&#038;output=embed&#038;iwloc=near\"\n\t\t\t\t\ttitle=\"Iglesia ni\u00f1o pobre\"\n\t\t\t\t\taria-label=\"Iglesia ni\u00f1o pobre\"\n\t\t\t><\/iframe>\n\t\t<\/div>\n\t\t\t\t\t\t<\/div>\n\t\t\t\t<\/div>\n\t\t\t\t\t<\/div>\n\t\t<\/div>\n\t\t\t\t\t<\/div>\n\t\t<\/section>\n\t\t\t\t<\/div>\n\t\t","protected":false},"excerpt":{"rendered":"<p>LICEO MADRE ELISA RESE\u00d1A DE LA OBRA En\u00a0 el a\u00f1o 1999 la Hna. Concepci\u00f3n Ch\u00e1vez Brand\u00a0 quien pertenece a la Congregaci\u00f3n Siervas de la Madre de Dios, dio inicio a la sala cuna \u201cSue\u00f1os Infantiles\u201d con 8 ni\u00f1os entre la edad de 7 a 8 meses, quienes colaboraban en esta linda misi\u00f3n eran las aspirantes [&hellip;]<\/p>\n","protected":false},"author":1,"featured_media":0,"parent":0,"menu_order":0,"comment_status":"closed","ping_status":"closed","template":"","meta":{"om_disable_all_campaigns":false,"_monsterinsights_skip_tracking":false,"_monsterinsights_sitenote_active":false,"_monsterinsights_sitenote_note":"","_monsterinsights_sitenote_category":0,"site-sidebar-layout":"no-sidebar","site-content-layout":"page-builder","ast-site-content-layout":"default","site-content-style":"default","site-sidebar-style":"default","ast-global-header-display":"","ast-banner-title-visibility":"","ast-main-header-display":"","ast-hfb-above-header-display":"","ast-hfb-below-header-display":"","ast-hfb-mobile-header-display":"","site-post-title":"disabled","ast-breadcrumbs-content":"","ast-featured-img":"disabled","footer-sml-layout":"","ast-disable-related-posts":"","theme-transparent-header-meta":"enabled","adv-header-id-meta":"","stick-header-meta":"","header-above-stick-meta":"","header-main-stick-meta":"","header-below-stick-meta":"","astra-migrate-meta-layouts":"default","ast-page-background-enabled":"default","ast-page-background-meta":{"desktop":{"background-color":"","background-image":"","background-repeat":"repeat","background-position":"center center","background-size":"auto","background-attachment":"scroll","background-type":"","background-media":"","overlay-type":"","overlay-color":"","overlay-opacity":"","overlay-gradient":""},"tablet":{"background-color":"","background-image":"","background-repeat":"repeat","background-position":"center center","background-size":"auto","background-attachment":"scroll","background-type":"","background-media":"","overlay-type":"","overlay-color":"","overlay-opacity":"","overlay-gradient":""},"mobile":{"background-color":"","background-image":"","background-repeat":"repeat","background-position":"center center","background-size":"auto","background-attachment":"scroll","background-type":"","background-media":"","overlay-type":"","overlay-color":"","overlay-opacity":"","overlay-gradient":""}},"ast-content-background-meta":{"desktop":{"background-color":"var(--ast-global-color-5)","background-image":"","background-repeat":"repeat","background-position":"center center","background-size":"auto","background-attachment":"scroll","background-type":"","background-media":"","overlay-type":"","overlay-color":"","overlay-opacity":"","overlay-gradient":""},"tablet":{"background-color":"var(--ast-global-color-5)","background-image":"","background-repeat":"repeat","background-position":"center center","background-size":"auto","background-attachment":"scroll","background-type":"","background-media":"","overlay-type":"","overlay-color":"","overlay-opacity":"","overlay-gradient":""},"mobile":{"background-color":"var(--ast-global-color-5)","background-image":"","background-repeat":"repeat","background-position":"center center","background-size":"auto","background-attachment":"scroll","background-type":"","background-media":"","overlay-type":"","overlay-color":"","overlay-opacity":"","overlay-gradient":""}},"footnotes":""},"class_list":["post-1426","page","type-page","status-publish","hentry"],"yoast_head":"<!-- This site is optimized with the Yoast SEO plugin v27.4 - https:\/\/yoast.com\/product\/yoast-seo-wordpress\/ -->\n<title>LICEO MADRE ELISA - PALMIRA - Siervas de la Madre de Dios<\/title>\n<meta name=\"robots\" content=\"index, follow, max-snippet:-1, max-image-preview:large, max-video-preview:-1\" \/>\n<link rel=\"canonical\" href=\"https:\/\/siervasdelamadrededios.org\/?page_id=1426\" \/>\n<meta property=\"og:locale\" content=\"es_ES\" \/>\n<meta property=\"og:type\" content=\"article\" \/>\n<meta property=\"og:title\" content=\"LICEO MADRE ELISA - PALMIRA - Siervas de la Madre de Dios\" \/>\n<meta property=\"og:description\" content=\"LICEO MADRE ELISA RESE\u00d1A DE LA OBRA En\u00a0 el a\u00f1o 1999 la Hna. Concepci\u00f3n Ch\u00e1vez Brand\u00a0 quien pertenece a la Congregaci\u00f3n Siervas de la Madre de Dios, dio inicio a la sala cuna \u201cSue\u00f1os Infantiles\u201d con 8 ni\u00f1os entre la edad de 7 a 8 meses, quienes colaboraban en esta linda misi\u00f3n eran las aspirantes [&hellip;]\" \/>\n<meta property=\"og:url\" content=\"https:\/\/siervasdelamadrededios.org\/?page_id=1426\" \/>\n<meta property=\"og:site_name\" content=\"Siervas de la Madre de Dios\" \/>\n<meta property=\"article:modified_time\" content=\"2026-02-16T19:10:15+00:00\" \/>\n<meta property=\"og:image\" content=\"https:\/\/siervasdelamadrededios.org\/wp-content\/uploads\/2026\/02\/MVI_8243.00_00_26_47.Imagen-fija017.jpg\" \/>\n\t<meta property=\"og:image:width\" content=\"1920\" \/>\n\t<meta property=\"og:image:height\" content=\"1080\" \/>\n\t<meta property=\"og:image:type\" content=\"image\/jpeg\" \/>\n<meta name=\"twitter:card\" content=\"summary_large_image\" \/>\n<meta name=\"twitter:label1\" content=\"Tiempo de lectura\" \/>\n\t<meta name=\"twitter:data1\" content=\"2 minutos\" \/>\n<script type=\"application\/ld+json\" class=\"yoast-schema-graph\">{\"@context\":\"https:\\\/\\\/schema.org\",\"@graph\":[{\"@type\":\"WebPage\",\"@id\":\"https:\\\/\\\/siervasdelamadrededios.org\\\/?page_id=1426\",\"url\":\"https:\\\/\\\/siervasdelamadrededios.org\\\/?page_id=1426\",\"name\":\"LICEO MADRE ELISA - PALMIRA - Siervas de la Madre de Dios\",\"isPartOf\":{\"@id\":\"https:\\\/\\\/siervasdelamadrededios.org\\\/#website\"},\"primaryImageOfPage\":{\"@id\":\"https:\\\/\\\/siervasdelamadrededios.org\\\/?page_id=1426#primaryimage\"},\"image\":{\"@id\":\"https:\\\/\\\/siervasdelamadrededios.org\\\/?page_id=1426#primaryimage\"},\"thumbnailUrl\":\"https:\\\/\\\/siervasdelamadrededios.org\\\/wp-content\\\/uploads\\\/2026\\\/02\\\/MVI_8243.00_00_26_47.Imagen-fija017.jpg\",\"datePublished\":\"2023-04-11T21:54:21+00:00\",\"dateModified\":\"2026-02-16T19:10:15+00:00\",\"breadcrumb\":{\"@id\":\"https:\\\/\\\/siervasdelamadrededios.org\\\/?page_id=1426#breadcrumb\"},\"inLanguage\":\"es-CO\",\"potentialAction\":[{\"@type\":\"ReadAction\",\"target\":[\"https:\\\/\\\/siervasdelamadrededios.org\\\/?page_id=1426\"]}]},{\"@type\":\"ImageObject\",\"inLanguage\":\"es-CO\",\"@id\":\"https:\\\/\\\/siervasdelamadrededios.org\\\/?page_id=1426#primaryimage\",\"url\":\"https:\\\/\\\/siervasdelamadrededios.org\\\/wp-content\\\/uploads\\\/2026\\\/02\\\/MVI_8243.00_00_26_47.Imagen-fija017.jpg\",\"contentUrl\":\"https:\\\/\\\/siervasdelamadrededios.org\\\/wp-content\\\/uploads\\\/2026\\\/02\\\/MVI_8243.00_00_26_47.Imagen-fija017.jpg\",\"width\":1920,\"height\":1080},{\"@type\":\"BreadcrumbList\",\"@id\":\"https:\\\/\\\/siervasdelamadrededios.org\\\/?page_id=1426#breadcrumb\",\"itemListElement\":[{\"@type\":\"ListItem\",\"position\":1,\"name\":\"Inicio\",\"item\":\"https:\\\/\\\/siervasdelamadrededios.org\\\/\"},{\"@type\":\"ListItem\",\"position\":2,\"name\":\"LICEO MADRE ELISA &#8211; PALMIRA\"}]},{\"@type\":\"WebSite\",\"@id\":\"https:\\\/\\\/siervasdelamadrededios.org\\\/#website\",\"url\":\"https:\\\/\\\/siervasdelamadrededios.org\\\/\",\"name\":\"Siervas de la Madre de Dios\",\"description\":\"Congregaci\u00f3n Religiosa\",\"publisher\":{\"@id\":\"https:\\\/\\\/siervasdelamadrededios.org\\\/#organization\"},\"potentialAction\":[{\"@type\":\"SearchAction\",\"target\":{\"@type\":\"EntryPoint\",\"urlTemplate\":\"https:\\\/\\\/siervasdelamadrededios.org\\\/?s={search_term_string}\"},\"query-input\":{\"@type\":\"PropertyValueSpecification\",\"valueRequired\":true,\"valueName\":\"search_term_string\"}}],\"inLanguage\":\"es-CO\"},{\"@type\":\"Organization\",\"@id\":\"https:\\\/\\\/siervasdelamadrededios.org\\\/#organization\",\"name\":\"Siervas de la Madre de Dios\",\"url\":\"https:\\\/\\\/siervasdelamadrededios.org\\\/\",\"logo\":{\"@type\":\"ImageObject\",\"inLanguage\":\"es-CO\",\"@id\":\"https:\\\/\\\/siervasdelamadrededios.org\\\/#\\\/schema\\\/logo\\\/image\\\/\",\"url\":\"https:\\\/\\\/siervasdelamadrededios.org\\\/wp-content\\\/uploads\\\/2022\\\/12\\\/Logo-SMD-Menu2-GRIS.svg\",\"contentUrl\":\"https:\\\/\\\/siervasdelamadrededios.org\\\/wp-content\\\/uploads\\\/2022\\\/12\\\/Logo-SMD-Menu2-GRIS.svg\",\"width\":255,\"height\":200,\"caption\":\"Siervas de la Madre de Dios\"},\"image\":{\"@id\":\"https:\\\/\\\/siervasdelamadrededios.org\\\/#\\\/schema\\\/logo\\\/image\\\/\"}}]}<\/script>\n<!-- \/ Yoast SEO plugin. -->","yoast_head_json":{"title":"LICEO MADRE ELISA - PALMIRA - Siervas de la Madre de Dios","robots":{"index":"index","follow":"follow","max-snippet":"max-snippet:-1","max-image-preview":"max-image-preview:large","max-video-preview":"max-video-preview:-1"},"canonical":"https:\/\/siervasdelamadrededios.org\/?page_id=1426","og_locale":"es_ES","og_type":"article","og_title":"LICEO MADRE ELISA - PALMIRA - Siervas de la Madre de Dios","og_description":"LICEO MADRE ELISA RESE\u00d1A DE LA OBRA En\u00a0 el a\u00f1o 1999 la Hna. Concepci\u00f3n Ch\u00e1vez Brand\u00a0 quien pertenece a la Congregaci\u00f3n Siervas de la Madre de Dios, dio inicio a la sala cuna \u201cSue\u00f1os Infantiles\u201d con 8 ni\u00f1os entre la edad de 7 a 8 meses, quienes colaboraban en esta linda misi\u00f3n eran las aspirantes [&hellip;]","og_url":"https:\/\/siervasdelamadrededios.org\/?page_id=1426","og_site_name":"Siervas de la Madre de Dios","article_modified_time":"2026-02-16T19:10:15+00:00","og_image":[{"width":1920,"height":1080,"url":"https:\/\/siervasdelamadrededios.org\/wp-content\/uploads\/2026\/02\/MVI_8243.00_00_26_47.Imagen-fija017.jpg","type":"image\/jpeg"}],"twitter_card":"summary_large_image","twitter_misc":{"Tiempo de lectura":"2 minutos"},"schema":{"@context":"https:\/\/schema.org","@graph":[{"@type":"WebPage","@id":"https:\/\/siervasdelamadrededios.org\/?page_id=1426","url":"https:\/\/siervasdelamadrededios.org\/?page_id=1426","name":"LICEO MADRE ELISA - PALMIRA - Siervas de la Madre de Dios","isPartOf":{"@id":"https:\/\/siervasdelamadrededios.org\/#website"},"primaryImageOfPage":{"@id":"https:\/\/siervasdelamadrededios.org\/?page_id=1426#primaryimage"},"image":{"@id":"https:\/\/siervasdelamadrededios.org\/?page_id=1426#primaryimage"},"thumbnailUrl":"https:\/\/siervasdelamadrededios.org\/wp-content\/uploads\/2026\/02\/MVI_8243.00_00_26_47.Imagen-fija017.jpg","datePublished":"2023-04-11T21:54:21+00:00","dateModified":"2026-02-16T19:10:15+00:00","breadcrumb":{"@id":"https:\/\/siervasdelamadrededios.org\/?page_id=1426#breadcrumb"},"inLanguage":"es-CO","potentialAction":[{"@type":"ReadAction","target":["https:\/\/siervasdelamadrededios.org\/?page_id=1426"]}]},{"@type":"ImageObject","inLanguage":"es-CO","@id":"https:\/\/siervasdelamadrededios.org\/?page_id=1426#primaryimage","url":"https:\/\/siervasdelamadrededios.org\/wp-content\/uploads\/2026\/02\/MVI_8243.00_00_26_47.Imagen-fija017.jpg","contentUrl":"https:\/\/siervasdelamadrededios.org\/wp-content\/uploads\/2026\/02\/MVI_8243.00_00_26_47.Imagen-fija017.jpg","width":1920,"height":1080},{"@type":"BreadcrumbList","@id":"https:\/\/siervasdelamadrededios.org\/?page_id=1426#breadcrumb","itemListElement":[{"@type":"ListItem","position":1,"name":"Inicio","item":"https:\/\/siervasdelamadrededios.org\/"},{"@type":"ListItem","position":2,"name":"LICEO MADRE ELISA &#8211; PALMIRA"}]},{"@type":"WebSite","@id":"https:\/\/siervasdelamadrededios.org\/#website","url":"https:\/\/siervasdelamadrededios.org\/","name":"Siervas de la Madre de Dios","description":"Congregaci\u00f3n Religiosa","publisher":{"@id":"https:\/\/siervasdelamadrededios.org\/#organization"},"potentialAction":[{"@type":"SearchAction","target":{"@type":"EntryPoint","urlTemplate":"https:\/\/siervasdelamadrededios.org\/?s={search_term_string}"},"query-input":{"@type":"PropertyValueSpecification","valueRequired":true,"valueName":"search_term_string"}}],"inLanguage":"es-CO"},{"@type":"Organization","@id":"https:\/\/siervasdelamadrededios.org\/#organization","name":"Siervas de la Madre de Dios","url":"https:\/\/siervasdelamadrededios.org\/","logo":{"@type":"ImageObject","inLanguage":"es-CO","@id":"https:\/\/siervasdelamadrededios.org\/#\/schema\/logo\/image\/","url":"https:\/\/siervasdelamadrededios.org\/wp-content\/uploads\/2022\/12\/Logo-SMD-Menu2-GRIS.svg","contentUrl":"https:\/\/siervasdelamadrededios.org\/wp-content\/uploads\/2022\/12\/Logo-SMD-Menu2-GRIS.svg","width":255,"height":200,"caption":"Siervas de la Madre de Dios"},"image":{"@id":"https:\/\/siervasdelamadrededios.org\/#\/schema\/logo\/image\/"}}]}},"_links":{"self":[{"href":"https:\/\/siervasdelamadrededios.org\/index.php?rest_route=\/wp\/v2\/pages\/1426","targetHints":{"allow":["GET"]}}],"collection":[{"href":"https:\/\/siervasdelamadrededios.org\/index.php?rest_route=\/wp\/v2\/pages"}],"about":[{"href":"https:\/\/siervasdelamadrededios.org\/index.php?rest_route=\/wp\/v2\/types\/page"}],"author":[{"embeddable":true,"href":"https:\/\/siervasdelamadrededios.org\/index.php?rest_route=\/wp\/v2\/users\/1"}],"replies":[{"embeddable":true,"href":"https:\/\/siervasdelamadrededios.org\/index.php?rest_route=%2Fwp%2Fv2%2Fcomments&post=1426"}],"version-history":[{"count":15,"href":"https:\/\/siervasdelamadrededios.org\/index.php?rest_route=\/wp\/v2\/pages\/1426\/revisions"}],"predecessor-version":[{"id":3048,"href":"https:\/\/siervasdelamadrededios.org\/index.php?rest_route=\/wp\/v2\/pages\/1426\/revisions\/3048"}],"wp:attachment":[{"href":"https:\/\/siervasdelamadrededios.org\/index.php?rest_route=%2Fwp%2Fv2%2Fmedia&parent=1426"}],"curies":[{"name":"wp","href":"https:\/\/api.w.org\/{rel}","templated":true}]}}