{"id":1447,"date":"2023-04-11T22:01:05","date_gmt":"2023-04-11T22:01:05","guid":{"rendered":"https:\/\/siervasdelamadrededios.org\/?page_id=1447"},"modified":"2025-06-15T22:22:06","modified_gmt":"2025-06-15T22:22:06","slug":"hogar-mater-dei-medellin","status":"publish","type":"page","link":"https:\/\/siervasdelamadrededios.org\/?page_id=1447","title":{"rendered":"HOGAR MATER DEI- MEDELLIN"},"content":{"rendered":"\t\t<div data-elementor-type=\"wp-page\" data-elementor-id=\"1447\" class=\"elementor elementor-1447\" data-elementor-post-type=\"page\">\n\t\t\t\t\t\t<section class=\"elementor-section elementor-top-section elementor-element elementor-element-38440f7e elementor-section-boxed elementor-section-height-default elementor-section-height-default\" data-id=\"38440f7e\" data-element_type=\"section\" data-e-type=\"section\" data-settings=\"{&quot;background_background&quot;:&quot;classic&quot;}\">\n\t\t\t\t\t\t\t<div class=\"elementor-background-overlay\"><\/div>\n\t\t\t\t\t\t\t<div class=\"elementor-container elementor-column-gap-default\">\n\t\t\t\t\t<div class=\"elementor-column elementor-col-100 elementor-top-column elementor-element elementor-element-6b61a537\" data-id=\"6b61a537\" data-element_type=\"column\" data-e-type=\"column\">\n\t\t\t<div class=\"elementor-widget-wrap elementor-element-populated\">\n\t\t\t\t\t\t<div class=\"elementor-element elementor-element-2a74d4cf elementor-widget elementor-widget-heading\" data-id=\"2a74d4cf\" data-element_type=\"widget\" data-e-type=\"widget\" data-widget_type=\"heading.default\">\n\t\t\t\t<div class=\"elementor-widget-container\">\n\t\t\t\t\t<h1 class=\"elementor-heading-title elementor-size-default\">HOGAR MATER DEI  <br> MEDELL\u00cdN<\/h1>\t\t\t\t<\/div>\n\t\t\t\t<\/div>\n\t\t\t\t\t<\/div>\n\t\t<\/div>\n\t\t\t\t\t<\/div>\n\t\t<\/section>\n\t\t\t\t<section class=\"elementor-section elementor-top-section elementor-element elementor-element-21ad8fc9 elementor-section-boxed elementor-section-height-default elementor-section-height-default\" data-id=\"21ad8fc9\" data-element_type=\"section\" data-e-type=\"section\">\n\t\t\t\t\t\t<div class=\"elementor-container elementor-column-gap-default\">\n\t\t\t\t\t<div class=\"elementor-column elementor-col-50 elementor-top-column elementor-element elementor-element-1975f6fe\" data-id=\"1975f6fe\" data-element_type=\"column\" data-e-type=\"column\">\n\t\t\t<div class=\"elementor-widget-wrap elementor-element-populated\">\n\t\t\t\t\t\t<div class=\"elementor-element elementor-element-549cb5b2 elementor-widget elementor-widget-heading\" data-id=\"549cb5b2\" data-element_type=\"widget\" data-e-type=\"widget\" data-widget_type=\"heading.default\">\n\t\t\t\t<div class=\"elementor-widget-container\">\n\t\t\t\t\t<h2 class=\"elementor-heading-title elementor-size-default\">RESE\u00d1A DE LA OBRA<\/h2>\t\t\t\t<\/div>\n\t\t\t\t<\/div>\n\t\t\t\t<div class=\"elementor-element elementor-element-560d8eab elementor-widget-divider--view-line elementor-widget elementor-widget-divider\" data-id=\"560d8eab\" data-element_type=\"widget\" data-e-type=\"widget\" data-widget_type=\"divider.default\">\n\t\t\t\t<div class=\"elementor-widget-container\">\n\t\t\t\t\t\t\t<div class=\"elementor-divider\">\n\t\t\t<span class=\"elementor-divider-separator\">\n\t\t\t\t\t\t<\/span>\n\t\t<\/div>\n\t\t\t\t\t\t<\/div>\n\t\t\t\t<\/div>\n\t\t\t\t<div class=\"elementor-element elementor-element-1cf4b7b8 elementor-widget elementor-widget-text-editor\" data-id=\"1cf4b7b8\" data-element_type=\"widget\" data-e-type=\"widget\" data-widget_type=\"text-editor.default\">\n\t\t\t\t<div class=\"elementor-widget-container\">\n\t\t\t\t\t\t\t\t\t<p><em><strong>\u00a1UNA OBRA DE DIOS Y PARA DARLE GLORIA A DIOS!<\/strong><\/em><\/p><p>El hogar Mater Dei, es una bendici\u00f3n del Se\u00f1or, para con la Congregaci\u00f3n Siervas de la Madre de Dios, est\u00e1 bajo el Patrocinio de la Madre de Dios y del Patriarca San Jos\u00e9 a quien la Hermana\u00a0 Martha Lucia Cruz S\u00e1nchez, Ec\u00f3noma General, confi\u00f3 siempre sus luchas, fatigas, desvelos y logros de cada d\u00eda.<\/p><p>El d\u00eda 09 de enero del 2010 se da apertura a este Hogar ubicado en la carrera 65 N 113-68 en el barrio Boyac\u00e1 las Brisas &#8211;\u00a0 Medell\u00edn, y el 19 de marzo del mismo a\u00f1o se entrega esta obra a la Hna. Mar\u00eda Nubiola Arizt\u00edzabal Serna Animadora Local, acompa\u00f1ada de la Hna. Sara Jazm\u00edn Nonato Pineda, quienes se sienten felices y confiadas en Dios para cumplir con amor la misi\u00f3n que se les ha confiado.<\/p><p>El primer apostolado\u00a0 de esta casa es para acoger a las Hermanas mayores de toda la Congregaci\u00f3n, de velar y cuidar de ellas en esta etapa tan bonita que El Buen Dios les permite llegar, a ellas que con tanto amor, entrega y fidelidad han donado toda su vida al servicio de la Iglesia en favor de los m\u00e1s vulnerables de la sociedad, los ni\u00f1os y j\u00f3venes.<\/p><p>El 16 de Abril se reciben a las primeras hermanas que hacen parte del grupo de las hermanas mayores y delicadas de\u00a0<\/p>\t\t\t\t\t\t\t\t<\/div>\n\t\t\t\t<\/div>\n\t\t\t\t\t<\/div>\n\t\t<\/div>\n\t\t\t\t<div class=\"elementor-column elementor-col-50 elementor-top-column elementor-element elementor-element-48f4a197\" data-id=\"48f4a197\" data-element_type=\"column\" data-e-type=\"column\">\n\t\t\t<div class=\"elementor-widget-wrap elementor-element-populated\">\n\t\t\t\t\t\t<div class=\"elementor-element elementor-element-71b2bbe1 elementor-widget elementor-widget-image\" data-id=\"71b2bbe1\" data-element_type=\"widget\" data-e-type=\"widget\" data-widget_type=\"image.default\">\n\t\t\t\t<div class=\"elementor-widget-container\">\n\t\t\t\t\t\t\t\t\t\t\t\t\t\t\t<img fetchpriority=\"high\" decoding=\"async\" width=\"1600\" height=\"1200\" src=\"https:\/\/siervasdelamadrededios.org\/wp-content\/uploads\/2025\/06\/WhatsApp-Image-2025-06-13-at-09.18.32.jpeg\" class=\"attachment-full size-full wp-image-2157\" alt=\"\" srcset=\"https:\/\/siervasdelamadrededios.org\/wp-content\/uploads\/2025\/06\/WhatsApp-Image-2025-06-13-at-09.18.32.jpeg 1600w, https:\/\/siervasdelamadrededios.org\/wp-content\/uploads\/2025\/06\/WhatsApp-Image-2025-06-13-at-09.18.32-300x225.jpeg 300w, https:\/\/siervasdelamadrededios.org\/wp-content\/uploads\/2025\/06\/WhatsApp-Image-2025-06-13-at-09.18.32-1024x768.jpeg 1024w, https:\/\/siervasdelamadrededios.org\/wp-content\/uploads\/2025\/06\/WhatsApp-Image-2025-06-13-at-09.18.32-768x576.jpeg 768w, https:\/\/siervasdelamadrededios.org\/wp-content\/uploads\/2025\/06\/WhatsApp-Image-2025-06-13-at-09.18.32-1536x1152.jpeg 1536w\" sizes=\"(max-width: 1600px) 100vw, 1600px\" \/>\t\t\t\t\t\t\t\t\t\t\t\t\t\t\t<\/div>\n\t\t\t\t<\/div>\n\t\t\t\t<div class=\"elementor-element elementor-element-40f50622 elementor-widget elementor-widget-text-editor\" data-id=\"40f50622\" data-element_type=\"widget\" data-e-type=\"widget\" data-widget_type=\"text-editor.default\">\n\t\t\t\t<div class=\"elementor-widget-container\">\n\t\t\t\t\t\t\t\t\t<p><span style=\"background-color: var(--ast-global-color-4); color: var(--ast-global-color-3); font-size: 1rem;\">salud: Mar\u00eda Ligia Giraldo, Clara In\u00e9s Mac\u00edas Gil, Blanca Ester&nbsp;<\/span><span style=\"background-color: var(--ast-global-color-4); color: var(--ast-global-color-3); font-size: 1rem;\">Rodr\u00edguez, Raquel Jaramillo, Mar\u00eda Celmira L\u00f3pez Herrera &nbsp;y Margarita Urrego y el 21 de mayo llega la Hna. Rosa In\u00e9s Restrepo Palacio.&nbsp;<\/span>Se cuenta con una enfermera que las atiende en el d\u00eda y una auxiliar en la noche, y personal de servicios generales.<\/p>\n<p>El Hogar Mater Dei es tambi\u00e9n sede de encuentros, retiros espirituales, talleres de capacitaci\u00f3n, reuniones fraternas y convivencias, no solo para la Congregaci\u00f3n sino para Parroquias, Instituciones Educativas y dem\u00e1s grupos sociales.<\/p>\n<p>La casa ha tenido muy buena acogida por la gente del sector y dem\u00e1s personal que continua llegando a esta casa, se colabora en la Parroquia en la Pastoral de salud y asambleas familiares.<\/p>\n<p>Es una obra que colabora de antemano con la misi\u00f3n y evangelizaci\u00f3n, en la acogida y atenci\u00f3n a las personas que buscan un espacio para encontrarse con Dios.<\/p>\t\t\t\t\t\t\t\t<\/div>\n\t\t\t\t<\/div>\n\t\t\t\t\t<\/div>\n\t\t<\/div>\n\t\t\t\t\t<\/div>\n\t\t<\/section>\n\t\t\t\t<section class=\"elementor-section elementor-top-section elementor-element elementor-element-1747c72 elementor-section-boxed elementor-section-height-default elementor-section-height-default\" data-id=\"1747c72\" data-element_type=\"section\" data-e-type=\"section\">\n\t\t\t\t\t\t<div class=\"elementor-container elementor-column-gap-default\">\n\t\t\t\t\t<div class=\"elementor-column elementor-col-100 elementor-top-column elementor-element elementor-element-5f5b7215\" data-id=\"5f5b7215\" data-element_type=\"column\" data-e-type=\"column\">\n\t\t\t<div class=\"elementor-widget-wrap elementor-element-populated\">\n\t\t\t\t\t\t<div class=\"elementor-element elementor-element-64a019cb elementor-widget elementor-widget-video\" data-id=\"64a019cb\" data-element_type=\"widget\" data-e-type=\"widget\" data-settings=\"{&quot;youtube_url&quot;:&quot;https:\\\/\\\/youtu.be\\\/i31SZO3Qkww&quot;,&quot;video_type&quot;:&quot;youtube&quot;,&quot;controls&quot;:&quot;yes&quot;}\" data-widget_type=\"video.default\">\n\t\t\t\t<div class=\"elementor-widget-container\">\n\t\t\t\t\t\t\t<div class=\"elementor-wrapper elementor-open-inline\">\n\t\t\t<div class=\"elementor-video\"><\/div>\t\t<\/div>\n\t\t\t\t\t\t<\/div>\n\t\t\t\t<\/div>\n\t\t\t\t\t<\/div>\n\t\t<\/div>\n\t\t\t\t\t<\/div>\n\t\t<\/section>\n\t\t\t\t<section class=\"elementor-section elementor-top-section elementor-element elementor-element-e78fe57 elementor-section-boxed elementor-section-height-default elementor-section-height-default\" data-id=\"e78fe57\" data-element_type=\"section\" data-e-type=\"section\">\n\t\t\t\t\t\t<div class=\"elementor-container elementor-column-gap-default\">\n\t\t\t\t\t<div class=\"elementor-column elementor-col-100 elementor-top-column elementor-element elementor-element-661407e5\" data-id=\"661407e5\" data-element_type=\"column\" data-e-type=\"column\">\n\t\t\t<div class=\"elementor-widget-wrap elementor-element-populated\">\n\t\t\t\t\t\t<div class=\"elementor-element elementor-element-4d645007 elementor-widget elementor-widget-heading\" data-id=\"4d645007\" data-element_type=\"widget\" data-e-type=\"widget\" data-widget_type=\"heading.default\">\n\t\t\t\t<div class=\"elementor-widget-container\">\n\t\t\t\t\t<h2 class=\"elementor-heading-title elementor-size-default\">Ubicaci\u00f3n de la Obra<\/h2>\t\t\t\t<\/div>\n\t\t\t\t<\/div>\n\t\t\t\t<div class=\"elementor-element elementor-element-53872846 elementor-widget-divider--view-line elementor-widget elementor-widget-divider\" data-id=\"53872846\" data-element_type=\"widget\" data-e-type=\"widget\" data-widget_type=\"divider.default\">\n\t\t\t\t<div class=\"elementor-widget-container\">\n\t\t\t\t\t\t\t<div class=\"elementor-divider\">\n\t\t\t<span class=\"elementor-divider-separator\">\n\t\t\t\t\t\t<\/span>\n\t\t<\/div>\n\t\t\t\t\t\t<\/div>\n\t\t\t\t<\/div>\n\t\t\t\t<div class=\"elementor-element elementor-element-5b1a414f elementor-widget elementor-widget-google_maps\" data-id=\"5b1a414f\" data-element_type=\"widget\" data-e-type=\"widget\" data-widget_type=\"google_maps.default\">\n\t\t\t\t<div class=\"elementor-widget-container\">\n\t\t\t\t\t\t\t<div class=\"elementor-custom-embed\">\n\t\t\t<iframe loading=\"lazy\"\n\t\t\t\t\tsrc=\"https:\/\/maps.google.com\/maps?q=Cra.%2065%20%23113-68%2C%20Las%20Brisas%2C%20Medell%C3%ADn%2C%20Castilla%2C%20Medell%C3%ADn%2C%20Antioquia&#038;t=m&#038;z=11&#038;output=embed&#038;iwloc=near\"\n\t\t\t\t\ttitle=\"Cra. 65 #113-68, Las Brisas, Medell\u00edn, Castilla, Medell\u00edn, Antioquia\"\n\t\t\t\t\taria-label=\"Cra. 65 #113-68, Las Brisas, Medell\u00edn, Castilla, Medell\u00edn, Antioquia\"\n\t\t\t><\/iframe>\n\t\t<\/div>\n\t\t\t\t\t\t<\/div>\n\t\t\t\t<\/div>\n\t\t\t\t\t<\/div>\n\t\t<\/div>\n\t\t\t\t\t<\/div>\n\t\t<\/section>\n\t\t\t\t<\/div>\n\t\t","protected":false},"excerpt":{"rendered":"<p>HOGAR MATER DEI MEDELL\u00cdN RESE\u00d1A DE LA OBRA \u00a1UNA OBRA DE DIOS Y PARA DARLE GLORIA A DIOS! El hogar Mater Dei, es una bendici\u00f3n del Se\u00f1or, para con la Congregaci\u00f3n Siervas de la Madre de Dios, est\u00e1 bajo el Patrocinio de la Madre de Dios y del Patriarca San Jos\u00e9 a quien la Hermana\u00a0 [&hellip;]<\/p>\n","protected":false},"author":1,"featured_media":0,"parent":0,"menu_order":0,"comment_status":"closed","ping_status":"closed","template":"","meta":{"om_disable_all_campaigns":false,"_monsterinsights_skip_tracking":false,"_monsterinsights_sitenote_active":false,"_monsterinsights_sitenote_note":"","_monsterinsights_sitenote_category":0,"site-sidebar-layout":"no-sidebar","site-content-layout":"page-builder","ast-site-content-layout":"default","site-content-style":"default","site-sidebar-style":"default","ast-global-header-display":"","ast-banner-title-visibility":"","ast-main-header-display":"","ast-hfb-above-header-display":"","ast-hfb-below-header-display":"","ast-hfb-mobile-header-display":"","site-post-title":"disabled","ast-breadcrumbs-content":"","ast-featured-img":"disabled","footer-sml-layout":"","ast-disable-related-posts":"","theme-transparent-header-meta":"enabled","adv-header-id-meta":"","stick-header-meta":"","header-above-stick-meta":"","header-main-stick-meta":"","header-below-stick-meta":"","astra-migrate-meta-layouts":"default","ast-page-background-enabled":"default","ast-page-background-meta":{"desktop":{"background-color":"","background-image":"","background-repeat":"repeat","background-position":"center center","background-size":"auto","background-attachment":"scroll","background-type":"","background-media":"","overlay-type":"","overlay-color":"","overlay-opacity":"","overlay-gradient":""},"tablet":{"background-color":"","background-image":"","background-repeat":"repeat","background-position":"center center","background-size":"auto","background-attachment":"scroll","background-type":"","background-media":"","overlay-type":"","overlay-color":"","overlay-opacity":"","overlay-gradient":""},"mobile":{"background-color":"","background-image":"","background-repeat":"repeat","background-position":"center center","background-size":"auto","background-attachment":"scroll","background-type":"","background-media":"","overlay-type":"","overlay-color":"","overlay-opacity":"","overlay-gradient":""}},"ast-content-background-meta":{"desktop":{"background-color":"var(--ast-global-color-5)","background-image":"","background-repeat":"repeat","background-position":"center center","background-size":"auto","background-attachment":"scroll","background-type":"","background-media":"","overlay-type":"","overlay-color":"","overlay-opacity":"","overlay-gradient":""},"tablet":{"background-color":"var(--ast-global-color-5)","background-image":"","background-repeat":"repeat","background-position":"center center","background-size":"auto","background-attachment":"scroll","background-type":"","background-media":"","overlay-type":"","overlay-color":"","overlay-opacity":"","overlay-gradient":""},"mobile":{"background-color":"var(--ast-global-color-5)","background-image":"","background-repeat":"repeat","background-position":"center center","background-size":"auto","background-attachment":"scroll","background-type":"","background-media":"","overlay-type":"","overlay-color":"","overlay-opacity":"","overlay-gradient":""}},"footnotes":""},"class_list":["post-1447","page","type-page","status-publish","hentry"],"yoast_head":"<!-- This site is optimized with the Yoast SEO plugin v27.4 - https:\/\/yoast.com\/product\/yoast-seo-wordpress\/ -->\n<title>HOGAR MATER DEI- MEDELLIN - Siervas de la Madre de Dios<\/title>\n<meta name=\"robots\" content=\"index, follow, max-snippet:-1, max-image-preview:large, max-video-preview:-1\" \/>\n<link rel=\"canonical\" href=\"https:\/\/siervasdelamadrededios.org\/?page_id=1447\" \/>\n<meta property=\"og:locale\" content=\"es_ES\" \/>\n<meta property=\"og:type\" content=\"article\" \/>\n<meta property=\"og:title\" content=\"HOGAR MATER DEI- MEDELLIN - Siervas de la Madre de Dios\" \/>\n<meta property=\"og:description\" content=\"HOGAR MATER DEI MEDELL\u00cdN RESE\u00d1A DE LA OBRA \u00a1UNA OBRA DE DIOS Y PARA DARLE GLORIA A DIOS! El hogar Mater Dei, es una bendici\u00f3n del Se\u00f1or, para con la Congregaci\u00f3n Siervas de la Madre de Dios, est\u00e1 bajo el Patrocinio de la Madre de Dios y del Patriarca San Jos\u00e9 a quien la Hermana\u00a0 [&hellip;]\" \/>\n<meta property=\"og:url\" content=\"https:\/\/siervasdelamadrededios.org\/?page_id=1447\" \/>\n<meta property=\"og:site_name\" content=\"Siervas de la Madre de Dios\" \/>\n<meta property=\"article:modified_time\" content=\"2025-06-15T22:22:06+00:00\" \/>\n<meta property=\"og:image\" content=\"https:\/\/siervasdelamadrededios.org\/wp-content\/uploads\/2025\/06\/WhatsApp-Image-2025-06-13-at-09.18.32.jpeg\" \/>\n\t<meta property=\"og:image:width\" content=\"1600\" \/>\n\t<meta property=\"og:image:height\" content=\"1200\" \/>\n\t<meta property=\"og:image:type\" content=\"image\/jpeg\" \/>\n<meta name=\"twitter:card\" content=\"summary_large_image\" \/>\n<meta name=\"twitter:label1\" content=\"Tiempo de lectura\" \/>\n\t<meta name=\"twitter:data1\" content=\"2 minutos\" \/>\n<script type=\"application\/ld+json\" class=\"yoast-schema-graph\">{\"@context\":\"https:\\\/\\\/schema.org\",\"@graph\":[{\"@type\":\"WebPage\",\"@id\":\"https:\\\/\\\/siervasdelamadrededios.org\\\/?page_id=1447\",\"url\":\"https:\\\/\\\/siervasdelamadrededios.org\\\/?page_id=1447\",\"name\":\"HOGAR MATER DEI- MEDELLIN - Siervas de la Madre de Dios\",\"isPartOf\":{\"@id\":\"https:\\\/\\\/siervasdelamadrededios.org\\\/#website\"},\"primaryImageOfPage\":{\"@id\":\"https:\\\/\\\/siervasdelamadrededios.org\\\/?page_id=1447#primaryimage\"},\"image\":{\"@id\":\"https:\\\/\\\/siervasdelamadrededios.org\\\/?page_id=1447#primaryimage\"},\"thumbnailUrl\":\"https:\\\/\\\/siervasdelamadrededios.org\\\/wp-content\\\/uploads\\\/2025\\\/06\\\/WhatsApp-Image-2025-06-13-at-09.18.32.jpeg\",\"datePublished\":\"2023-04-11T22:01:05+00:00\",\"dateModified\":\"2025-06-15T22:22:06+00:00\",\"breadcrumb\":{\"@id\":\"https:\\\/\\\/siervasdelamadrededios.org\\\/?page_id=1447#breadcrumb\"},\"inLanguage\":\"es-CO\",\"potentialAction\":[{\"@type\":\"ReadAction\",\"target\":[\"https:\\\/\\\/siervasdelamadrededios.org\\\/?page_id=1447\"]}]},{\"@type\":\"ImageObject\",\"inLanguage\":\"es-CO\",\"@id\":\"https:\\\/\\\/siervasdelamadrededios.org\\\/?page_id=1447#primaryimage\",\"url\":\"https:\\\/\\\/siervasdelamadrededios.org\\\/wp-content\\\/uploads\\\/2025\\\/06\\\/WhatsApp-Image-2025-06-13-at-09.18.32.jpeg\",\"contentUrl\":\"https:\\\/\\\/siervasdelamadrededios.org\\\/wp-content\\\/uploads\\\/2025\\\/06\\\/WhatsApp-Image-2025-06-13-at-09.18.32.jpeg\",\"width\":1600,\"height\":1200},{\"@type\":\"BreadcrumbList\",\"@id\":\"https:\\\/\\\/siervasdelamadrededios.org\\\/?page_id=1447#breadcrumb\",\"itemListElement\":[{\"@type\":\"ListItem\",\"position\":1,\"name\":\"Inicio\",\"item\":\"https:\\\/\\\/siervasdelamadrededios.org\\\/\"},{\"@type\":\"ListItem\",\"position\":2,\"name\":\"HOGAR MATER DEI- MEDELLIN\"}]},{\"@type\":\"WebSite\",\"@id\":\"https:\\\/\\\/siervasdelamadrededios.org\\\/#website\",\"url\":\"https:\\\/\\\/siervasdelamadrededios.org\\\/\",\"name\":\"Siervas de la Madre de Dios\",\"description\":\"Congregaci\u00f3n Religiosa\",\"publisher\":{\"@id\":\"https:\\\/\\\/siervasdelamadrededios.org\\\/#organization\"},\"potentialAction\":[{\"@type\":\"SearchAction\",\"target\":{\"@type\":\"EntryPoint\",\"urlTemplate\":\"https:\\\/\\\/siervasdelamadrededios.org\\\/?s={search_term_string}\"},\"query-input\":{\"@type\":\"PropertyValueSpecification\",\"valueRequired\":true,\"valueName\":\"search_term_string\"}}],\"inLanguage\":\"es-CO\"},{\"@type\":\"Organization\",\"@id\":\"https:\\\/\\\/siervasdelamadrededios.org\\\/#organization\",\"name\":\"Siervas de la Madre de Dios\",\"url\":\"https:\\\/\\\/siervasdelamadrededios.org\\\/\",\"logo\":{\"@type\":\"ImageObject\",\"inLanguage\":\"es-CO\",\"@id\":\"https:\\\/\\\/siervasdelamadrededios.org\\\/#\\\/schema\\\/logo\\\/image\\\/\",\"url\":\"https:\\\/\\\/siervasdelamadrededios.org\\\/wp-content\\\/uploads\\\/2022\\\/12\\\/Logo-SMD-Menu2-GRIS.svg\",\"contentUrl\":\"https:\\\/\\\/siervasdelamadrededios.org\\\/wp-content\\\/uploads\\\/2022\\\/12\\\/Logo-SMD-Menu2-GRIS.svg\",\"width\":255,\"height\":200,\"caption\":\"Siervas de la Madre de Dios\"},\"image\":{\"@id\":\"https:\\\/\\\/siervasdelamadrededios.org\\\/#\\\/schema\\\/logo\\\/image\\\/\"}}]}<\/script>\n<!-- \/ Yoast SEO plugin. -->","yoast_head_json":{"title":"HOGAR MATER DEI- MEDELLIN - Siervas de la Madre de Dios","robots":{"index":"index","follow":"follow","max-snippet":"max-snippet:-1","max-image-preview":"max-image-preview:large","max-video-preview":"max-video-preview:-1"},"canonical":"https:\/\/siervasdelamadrededios.org\/?page_id=1447","og_locale":"es_ES","og_type":"article","og_title":"HOGAR MATER DEI- MEDELLIN - Siervas de la Madre de Dios","og_description":"HOGAR MATER DEI MEDELL\u00cdN RESE\u00d1A DE LA OBRA \u00a1UNA OBRA DE DIOS Y PARA DARLE GLORIA A DIOS! El hogar Mater Dei, es una bendici\u00f3n del Se\u00f1or, para con la Congregaci\u00f3n Siervas de la Madre de Dios, est\u00e1 bajo el Patrocinio de la Madre de Dios y del Patriarca San Jos\u00e9 a quien la Hermana\u00a0 [&hellip;]","og_url":"https:\/\/siervasdelamadrededios.org\/?page_id=1447","og_site_name":"Siervas de la Madre de Dios","article_modified_time":"2025-06-15T22:22:06+00:00","og_image":[{"width":1600,"height":1200,"url":"https:\/\/siervasdelamadrededios.org\/wp-content\/uploads\/2025\/06\/WhatsApp-Image-2025-06-13-at-09.18.32.jpeg","type":"image\/jpeg"}],"twitter_card":"summary_large_image","twitter_misc":{"Tiempo de lectura":"2 minutos"},"schema":{"@context":"https:\/\/schema.org","@graph":[{"@type":"WebPage","@id":"https:\/\/siervasdelamadrededios.org\/?page_id=1447","url":"https:\/\/siervasdelamadrededios.org\/?page_id=1447","name":"HOGAR MATER DEI- MEDELLIN - Siervas de la Madre de Dios","isPartOf":{"@id":"https:\/\/siervasdelamadrededios.org\/#website"},"primaryImageOfPage":{"@id":"https:\/\/siervasdelamadrededios.org\/?page_id=1447#primaryimage"},"image":{"@id":"https:\/\/siervasdelamadrededios.org\/?page_id=1447#primaryimage"},"thumbnailUrl":"https:\/\/siervasdelamadrededios.org\/wp-content\/uploads\/2025\/06\/WhatsApp-Image-2025-06-13-at-09.18.32.jpeg","datePublished":"2023-04-11T22:01:05+00:00","dateModified":"2025-06-15T22:22:06+00:00","breadcrumb":{"@id":"https:\/\/siervasdelamadrededios.org\/?page_id=1447#breadcrumb"},"inLanguage":"es-CO","potentialAction":[{"@type":"ReadAction","target":["https:\/\/siervasdelamadrededios.org\/?page_id=1447"]}]},{"@type":"ImageObject","inLanguage":"es-CO","@id":"https:\/\/siervasdelamadrededios.org\/?page_id=1447#primaryimage","url":"https:\/\/siervasdelamadrededios.org\/wp-content\/uploads\/2025\/06\/WhatsApp-Image-2025-06-13-at-09.18.32.jpeg","contentUrl":"https:\/\/siervasdelamadrededios.org\/wp-content\/uploads\/2025\/06\/WhatsApp-Image-2025-06-13-at-09.18.32.jpeg","width":1600,"height":1200},{"@type":"BreadcrumbList","@id":"https:\/\/siervasdelamadrededios.org\/?page_id=1447#breadcrumb","itemListElement":[{"@type":"ListItem","position":1,"name":"Inicio","item":"https:\/\/siervasdelamadrededios.org\/"},{"@type":"ListItem","position":2,"name":"HOGAR MATER DEI- MEDELLIN"}]},{"@type":"WebSite","@id":"https:\/\/siervasdelamadrededios.org\/#website","url":"https:\/\/siervasdelamadrededios.org\/","name":"Siervas de la Madre de Dios","description":"Congregaci\u00f3n Religiosa","publisher":{"@id":"https:\/\/siervasdelamadrededios.org\/#organization"},"potentialAction":[{"@type":"SearchAction","target":{"@type":"EntryPoint","urlTemplate":"https:\/\/siervasdelamadrededios.org\/?s={search_term_string}"},"query-input":{"@type":"PropertyValueSpecification","valueRequired":true,"valueName":"search_term_string"}}],"inLanguage":"es-CO"},{"@type":"Organization","@id":"https:\/\/siervasdelamadrededios.org\/#organization","name":"Siervas de la Madre de Dios","url":"https:\/\/siervasdelamadrededios.org\/","logo":{"@type":"ImageObject","inLanguage":"es-CO","@id":"https:\/\/siervasdelamadrededios.org\/#\/schema\/logo\/image\/","url":"https:\/\/siervasdelamadrededios.org\/wp-content\/uploads\/2022\/12\/Logo-SMD-Menu2-GRIS.svg","contentUrl":"https:\/\/siervasdelamadrededios.org\/wp-content\/uploads\/2022\/12\/Logo-SMD-Menu2-GRIS.svg","width":255,"height":200,"caption":"Siervas de la Madre de Dios"},"image":{"@id":"https:\/\/siervasdelamadrededios.org\/#\/schema\/logo\/image\/"}}]}},"_links":{"self":[{"href":"https:\/\/siervasdelamadrededios.org\/index.php?rest_route=\/wp\/v2\/pages\/1447","targetHints":{"allow":["GET"]}}],"collection":[{"href":"https:\/\/siervasdelamadrededios.org\/index.php?rest_route=\/wp\/v2\/pages"}],"about":[{"href":"https:\/\/siervasdelamadrededios.org\/index.php?rest_route=\/wp\/v2\/types\/page"}],"author":[{"embeddable":true,"href":"https:\/\/siervasdelamadrededios.org\/index.php?rest_route=\/wp\/v2\/users\/1"}],"replies":[{"embeddable":true,"href":"https:\/\/siervasdelamadrededios.org\/index.php?rest_route=%2Fwp%2Fv2%2Fcomments&post=1447"}],"version-history":[{"count":13,"href":"https:\/\/siervasdelamadrededios.org\/index.php?rest_route=\/wp\/v2\/pages\/1447\/revisions"}],"predecessor-version":[{"id":2178,"href":"https:\/\/siervasdelamadrededios.org\/index.php?rest_route=\/wp\/v2\/pages\/1447\/revisions\/2178"}],"wp:attachment":[{"href":"https:\/\/siervasdelamadrededios.org\/index.php?rest_route=%2Fwp%2Fv2%2Fmedia&parent=1447"}],"curies":[{"name":"wp","href":"https:\/\/api.w.org\/{rel}","templated":true}]}}