{"id":2206,"date":"2025-06-19T21:01:56","date_gmt":"2025-06-19T21:01:56","guid":{"rendered":"https:\/\/siervasdelamadrededios.org\/?page_id=2206"},"modified":"2025-06-19T21:44:04","modified_gmt":"2025-06-19T21:44:04","slug":"unidad-educativa-privada-arquidiocesana-madre-elisa-jaramillo","status":"publish","type":"page","link":"https:\/\/siervasdelamadrededios.org\/?page_id=2206","title":{"rendered":"Unidad Educativa Privada Arquidiocesana Madre Elisa Jaramillo"},"content":{"rendered":"\t\t<div data-elementor-type=\"wp-page\" data-elementor-id=\"2206\" class=\"elementor elementor-2206\" data-elementor-post-type=\"page\">\n\t\t\t\t\t\t<section class=\"elementor-section elementor-top-section elementor-element elementor-element-54d2533b elementor-section-boxed elementor-section-height-default elementor-section-height-default\" data-id=\"54d2533b\" data-element_type=\"section\" data-e-type=\"section\" data-settings=\"{&quot;background_background&quot;:&quot;classic&quot;}\">\n\t\t\t\t\t\t\t<div class=\"elementor-background-overlay\"><\/div>\n\t\t\t\t\t\t\t<div class=\"elementor-container elementor-column-gap-default\">\n\t\t\t\t\t<div class=\"elementor-column elementor-col-100 elementor-top-column elementor-element elementor-element-2df136d5\" data-id=\"2df136d5\" data-element_type=\"column\" data-e-type=\"column\">\n\t\t\t<div class=\"elementor-widget-wrap elementor-element-populated\">\n\t\t\t\t\t\t<div class=\"elementor-element elementor-element-79571029 elementor-widget elementor-widget-heading\" data-id=\"79571029\" data-element_type=\"widget\" data-e-type=\"widget\" data-widget_type=\"heading.default\">\n\t\t\t\t<div class=\"elementor-widget-container\">\n\t\t\t\t\t<h1 class=\"elementor-heading-title elementor-size-default\">UNIDAD EDUCATIVA<br>MADRE ELISA JARAMILLO<\/h1>\t\t\t\t<\/div>\n\t\t\t\t<\/div>\n\t\t\t\t\t<\/div>\n\t\t<\/div>\n\t\t\t\t\t<\/div>\n\t\t<\/section>\n\t\t\t\t<section class=\"elementor-section elementor-top-section elementor-element elementor-element-2b1e9de0 elementor-section-boxed elementor-section-height-default elementor-section-height-default\" data-id=\"2b1e9de0\" data-element_type=\"section\" data-e-type=\"section\">\n\t\t\t\t\t\t<div class=\"elementor-container elementor-column-gap-default\">\n\t\t\t\t\t<div class=\"elementor-column elementor-col-50 elementor-top-column elementor-element elementor-element-1ceeb554\" data-id=\"1ceeb554\" data-element_type=\"column\" data-e-type=\"column\">\n\t\t\t<div class=\"elementor-widget-wrap elementor-element-populated\">\n\t\t\t\t\t\t<div class=\"elementor-element elementor-element-53d2a7be elementor-widget elementor-widget-heading\" data-id=\"53d2a7be\" data-element_type=\"widget\" data-e-type=\"widget\" data-widget_type=\"heading.default\">\n\t\t\t\t<div class=\"elementor-widget-container\">\n\t\t\t\t\t<h2 class=\"elementor-heading-title elementor-size-default\">RESE\u00d1A DE LA OBRA<\/h2>\t\t\t\t<\/div>\n\t\t\t\t<\/div>\n\t\t\t\t<div class=\"elementor-element elementor-element-3904c96f elementor-widget-divider--view-line elementor-widget elementor-widget-divider\" data-id=\"3904c96f\" data-element_type=\"widget\" data-e-type=\"widget\" data-widget_type=\"divider.default\">\n\t\t\t\t<div class=\"elementor-widget-container\">\n\t\t\t\t\t\t\t<div class=\"elementor-divider\">\n\t\t\t<span class=\"elementor-divider-separator\">\n\t\t\t\t\t\t<\/span>\n\t\t<\/div>\n\t\t\t\t\t\t<\/div>\n\t\t\t\t<\/div>\n\t\t\t\t<div class=\"elementor-element elementor-element-33df446b elementor-widget elementor-widget-text-editor\" data-id=\"33df446b\" data-element_type=\"widget\" data-e-type=\"widget\" data-widget_type=\"text-editor.default\">\n\t\t\t\t<div class=\"elementor-widget-container\">\n\t\t\t\t\t\t\t\t\t<p class=\"p1\">La <b><i>Unidad Educativa Privada Arquidiocesana \u201cMadre Elisa Jaramillo\u201d<\/i><\/b> se encuentra ubicada en el Barrio Indio Mara de la Parroquia Idelfonso V\u00e1squez del Municipio Maracaibo, Venezuela y actualmente cuenta con una poblaci\u00f3n de m\u00e1s de 760 estudiantes desde Educaci\u00f3n Inicial hasta Educaci\u00f3n Media T\u00e9cnica. La gran mayor\u00eda de nuestros ni\u00f1os, ni\u00f1as y j\u00f3venes pertenecen a la etnia Wayuu, caracterizados en su gran mayor\u00eda por ser de bajos recursos.<\/p><p class=\"p1\">Nuestra instituci\u00f3n <b><i>fue fundada por Monse\u00f1or Domingo Roa P\u00e9rez, el 12 de febrero de 1985,<\/i><\/b> quien buscaba brindarle una educaci\u00f3n de calidad en \u00f3ptimas condiciones a los ni\u00f1os que habitan las comunidades m\u00e1s vulnerables. Desde su creaci\u00f3n la Unidad Educativa Privada Arquidiocesana\u201d Madre Elisa Jaramillo\u201d, <b><i>fue confiada a la Congregaci\u00f3n Siervas de la Madre de Dios<\/i><\/b> quienes, a lo largo de 40 a\u00f1os, han inculcado el carisma de su fundadora en nuestra comunidad educativa.<\/p><p class=\"p1\">Nuestra escuela conforma una triada conjuntamente con el Ambulatorio Arquidiocesano Santa In\u00e9s y la Parroquia Eclesi\u00e1stica Santa In\u00e9s<i>,<\/i><b><i> sue\u00f1o hecho realidad de nuestro fundador monse\u00f1or Domingo Roa P\u00e9rez quien se esmer\u00f3 por el desarrollo espiritual, intelectual y la salud de la comunidad.<\/i><\/b> Esta instituci\u00f3n de Educaci\u00f3n Inicial, Primaria, Media General y Media T\u00e9cnica es de car\u00e1cter privado subvencionado, sin fines de lucro; <b><i>deriva su nombre de la ilustre mujer de fe, quien hizo de su vida un legado de amor y servicio hacia los m\u00e1s necesitados.<\/i><\/b><\/p><p class=\"p3\">Por ser una instituci\u00f3n cat\u00f3lica, la fe est\u00e1 presente, actuante y visible, en una concepci\u00f3n del hombre y del mundo iluminado por el mensaje de Cristo, transmitido y explicado por el magisterio, en contacto permanente con la iglesia de la que es parte y con realidad nacional y regional que aspira perfeccionar.\u00a0<\/p><p class=\"p3\">\u00a0<\/p>\t\t\t\t\t\t\t\t<\/div>\n\t\t\t\t<\/div>\n\t\t\t\t\t<\/div>\n\t\t<\/div>\n\t\t\t\t<div class=\"elementor-column elementor-col-50 elementor-top-column elementor-element elementor-element-1ca92560\" data-id=\"1ca92560\" data-element_type=\"column\" data-e-type=\"column\">\n\t\t\t<div class=\"elementor-widget-wrap elementor-element-populated\">\n\t\t\t\t\t\t<div class=\"elementor-element elementor-element-2ceed4e6 elementor-widget elementor-widget-image\" data-id=\"2ceed4e6\" data-element_type=\"widget\" data-e-type=\"widget\" data-widget_type=\"image.default\">\n\t\t\t\t<div class=\"elementor-widget-container\">\n\t\t\t\t\t\t\t\t\t\t\t\t\t\t\t<img fetchpriority=\"high\" decoding=\"async\" width=\"1032\" height=\"581\" src=\"https:\/\/siervasdelamadrededios.org\/wp-content\/uploads\/2025\/06\/WhatsApp-Image-2025-06-13-at-22.09.32-2.jpeg\" class=\"attachment-full size-full wp-image-2211\" alt=\"\" srcset=\"https:\/\/siervasdelamadrededios.org\/wp-content\/uploads\/2025\/06\/WhatsApp-Image-2025-06-13-at-22.09.32-2.jpeg 1032w, https:\/\/siervasdelamadrededios.org\/wp-content\/uploads\/2025\/06\/WhatsApp-Image-2025-06-13-at-22.09.32-2-300x169.jpeg 300w, https:\/\/siervasdelamadrededios.org\/wp-content\/uploads\/2025\/06\/WhatsApp-Image-2025-06-13-at-22.09.32-2-1024x576.jpeg 1024w, https:\/\/siervasdelamadrededios.org\/wp-content\/uploads\/2025\/06\/WhatsApp-Image-2025-06-13-at-22.09.32-2-768x432.jpeg 768w\" sizes=\"(max-width: 1032px) 100vw, 1032px\" \/>\t\t\t\t\t\t\t\t\t\t\t\t\t\t\t<\/div>\n\t\t\t\t<\/div>\n\t\t\t\t<div class=\"elementor-element elementor-element-5a47c009 elementor-widget elementor-widget-text-editor\" data-id=\"5a47c009\" data-element_type=\"widget\" data-e-type=\"widget\" data-widget_type=\"text-editor.default\">\n\t\t\t\t<div class=\"elementor-widget-container\">\n\t\t\t\t\t\t\t\t\t<p>Su objetivo principal es prestar un servicio coherente a la doctrina cristiana cat\u00f3lica, al contexto socio cultural y a la filosof\u00eda Elisiana, con el prop\u00f3sito de contribuir con el estado venezolano en la formaci\u00f3n integral de los ciudadanos.<\/p><p class=\"p3\"><span class=\"s1\">MISI\u00d3N:<\/span> Ofrecer una educaci\u00f3n integral, de calidad; comprometida con el contexto sociocultural de nuestros estudiantes, para propiciar espacios de reflexi\u00f3n, concienciaci\u00f3n y participaci\u00f3n en el conocimiento y trasformaci\u00f3n de las realidades que conciernen a la persona, la escuela y la comunidad.<\/p><p class=\"p3\"><span class=\"s1\">VISI\u00d3N:<\/span> Formar ciudadanos comprometidos con el desarrollo y consolidaci\u00f3n de una patria libre, soberana y justa; donde se dinamice la pr\u00e1ctica de los valores humanos \u2013 cristianos como fundamentos que sustenta el conocimiento cient\u00edfico, art\u00edstico, cultural y tecnol\u00f3gico, enmarcado en el fortalecimiento de la instituci\u00f3n familiar y al servicio de la comunidad.<\/p><p class=\"p3\">Nuestra instituci\u00f3n es una escuela perteneciente a la <b><i>Arquidi\u00f3cesis de Maracaibo<\/i><\/b> y a la <b>Asociaci\u00f3n Venezolana de Educaci\u00f3n Cat\u00f3lica<\/b> (AVEC), y nuestro lema es <span class=\"s2\"><b>\u201cEDUCAR EN UNIDAD, TRABAJO Y EXCELENCIA\u201d<\/b><\/span><b> <\/b>y nuestro norte pedag\u00f3gico es formar a ni\u00f1os, ni\u00f1as y adolescentes a la luz del evangelio, el proyecto de las Escuelas Arquidiocesanas bajo la pedagog\u00eda del Buen Pastor, la pedagog\u00eda del amor y el Pacto Educativo Global, muy particularmente el cuidado de nuestra Casa Com\u00fan, impulsado por el Papa francisco. Con ternura y amor, educamos desde el coraz\u00f3n.<\/p>\t\t\t\t\t\t\t\t<\/div>\n\t\t\t\t<\/div>\n\t\t\t\t\t<\/div>\n\t\t<\/div>\n\t\t\t\t\t<\/div>\n\t\t<\/section>\n\t\t\t\t<section class=\"elementor-section elementor-top-section elementor-element elementor-element-4b08b8d0 elementor-section-boxed elementor-section-height-default elementor-section-height-default\" data-id=\"4b08b8d0\" data-element_type=\"section\" data-e-type=\"section\">\n\t\t\t\t\t\t<div class=\"elementor-container elementor-column-gap-default\">\n\t\t\t\t\t<div class=\"elementor-column elementor-col-100 elementor-top-column elementor-element elementor-element-6857bf8\" data-id=\"6857bf8\" data-element_type=\"column\" data-e-type=\"column\">\n\t\t\t<div class=\"elementor-widget-wrap elementor-element-populated\">\n\t\t\t\t\t\t<div class=\"elementor-element elementor-element-70e76651 elementor-widget elementor-widget-video\" data-id=\"70e76651\" data-element_type=\"widget\" data-e-type=\"widget\" data-settings=\"{&quot;youtube_url&quot;:&quot;https:\\\/\\\/www.youtube.com\\\/watch?v=W7zXV7_3gXg&quot;,&quot;video_type&quot;:&quot;youtube&quot;,&quot;controls&quot;:&quot;yes&quot;}\" data-widget_type=\"video.default\">\n\t\t\t\t<div class=\"elementor-widget-container\">\n\t\t\t\t\t\t\t<div class=\"elementor-wrapper elementor-open-inline\">\n\t\t\t<div class=\"elementor-video\"><\/div>\t\t<\/div>\n\t\t\t\t\t\t<\/div>\n\t\t\t\t<\/div>\n\t\t\t\t\t<\/div>\n\t\t<\/div>\n\t\t\t\t\t<\/div>\n\t\t<\/section>\n\t\t\t\t<section class=\"elementor-section elementor-top-section elementor-element elementor-element-7de95291 elementor-section-boxed elementor-section-height-default elementor-section-height-default\" data-id=\"7de95291\" data-element_type=\"section\" data-e-type=\"section\">\n\t\t\t\t\t\t<div class=\"elementor-container elementor-column-gap-default\">\n\t\t\t\t\t<div class=\"elementor-column elementor-col-100 elementor-top-column elementor-element elementor-element-2c350170\" data-id=\"2c350170\" data-element_type=\"column\" data-e-type=\"column\">\n\t\t\t<div class=\"elementor-widget-wrap elementor-element-populated\">\n\t\t\t\t\t\t<div class=\"elementor-element elementor-element-20901b21 elementor-widget elementor-widget-heading\" data-id=\"20901b21\" data-element_type=\"widget\" data-e-type=\"widget\" data-widget_type=\"heading.default\">\n\t\t\t\t<div class=\"elementor-widget-container\">\n\t\t\t\t\t<h2 class=\"elementor-heading-title elementor-size-default\">Geleria<\/h2>\t\t\t\t<\/div>\n\t\t\t\t<\/div>\n\t\t\t\t<div class=\"elementor-element elementor-element-5ca6a4d4 elementor-widget-divider--view-line elementor-widget elementor-widget-divider\" data-id=\"5ca6a4d4\" data-element_type=\"widget\" data-e-type=\"widget\" data-widget_type=\"divider.default\">\n\t\t\t\t<div class=\"elementor-widget-container\">\n\t\t\t\t\t\t\t<div class=\"elementor-divider\">\n\t\t\t<span class=\"elementor-divider-separator\">\n\t\t\t\t\t\t<\/span>\n\t\t<\/div>\n\t\t\t\t\t\t<\/div>\n\t\t\t\t<\/div>\n\t\t\t\t<div class=\"elementor-element elementor-element-405ff20b elementor-arrows-position-inside elementor-pagination-position-outside elementor-widget elementor-widget-image-carousel\" data-id=\"405ff20b\" data-element_type=\"widget\" data-e-type=\"widget\" data-settings=\"{&quot;navigation&quot;:&quot;both&quot;,&quot;autoplay&quot;:&quot;yes&quot;,&quot;pause_on_hover&quot;:&quot;yes&quot;,&quot;pause_on_interaction&quot;:&quot;yes&quot;,&quot;autoplay_speed&quot;:5000,&quot;infinite&quot;:&quot;yes&quot;,&quot;speed&quot;:500}\" data-widget_type=\"image-carousel.default\">\n\t\t\t\t<div class=\"elementor-widget-container\">\n\t\t\t\t\t\t\t<div class=\"elementor-image-carousel-wrapper swiper\" role=\"region\" aria-roledescription=\"carousel\" aria-label=\"Carrusel de im\u00e1genes\" dir=\"ltr\">\n\t\t\t<div class=\"elementor-image-carousel swiper-wrapper\" aria-live=\"off\">\n\t\t\t\t\t\t\t\t<div class=\"swiper-slide\" role=\"group\" aria-roledescription=\"slide\" aria-label=\"1 of 12\"><figure class=\"swiper-slide-inner\"><img decoding=\"async\" class=\"swiper-slide-image\" src=\"https:\/\/siervasdelamadrededios.org\/wp-content\/uploads\/2025\/06\/WhatsApp-Image-2025-06-13-at-22.09.40-1-1024x576.jpeg\" alt=\"WhatsApp Image 2025-06-13 at 22.09.40 (1)\" \/><\/figure><\/div><div class=\"swiper-slide\" role=\"group\" aria-roledescription=\"slide\" aria-label=\"2 of 12\"><figure class=\"swiper-slide-inner\"><img decoding=\"async\" class=\"swiper-slide-image\" src=\"https:\/\/siervasdelamadrededios.org\/wp-content\/uploads\/2025\/06\/WhatsApp-Image-2025-06-13-at-22.09.39-1-1024x576.jpeg\" alt=\"WhatsApp Image 2025-06-13 at 22.09.39 (1)\" \/><\/figure><\/div><div class=\"swiper-slide\" role=\"group\" aria-roledescription=\"slide\" aria-label=\"3 of 12\"><figure class=\"swiper-slide-inner\"><img decoding=\"async\" class=\"swiper-slide-image\" src=\"https:\/\/siervasdelamadrededios.org\/wp-content\/uploads\/2025\/06\/WhatsApp-Image-2025-06-13-at-22.09.38-1024x576.jpeg\" alt=\"WhatsApp Image 2025-06-13 at 22.09.38\" \/><\/figure><\/div><div class=\"swiper-slide\" role=\"group\" aria-roledescription=\"slide\" aria-label=\"4 of 12\"><figure class=\"swiper-slide-inner\"><img decoding=\"async\" class=\"swiper-slide-image\" src=\"https:\/\/siervasdelamadrededios.org\/wp-content\/uploads\/2025\/06\/WhatsApp-Image-2025-06-13-at-22.09.38-2-1024x576.jpeg\" alt=\"WhatsApp Image 2025-06-13 at 22.09.38 (2)\" \/><\/figure><\/div><div class=\"swiper-slide\" role=\"group\" aria-roledescription=\"slide\" aria-label=\"5 of 12\"><figure class=\"swiper-slide-inner\"><img decoding=\"async\" class=\"swiper-slide-image\" src=\"https:\/\/siervasdelamadrededios.org\/wp-content\/uploads\/2025\/06\/WhatsApp-Image-2025-06-13-at-22.09.33-2-1024x576.jpeg\" alt=\"WhatsApp Image 2025-06-13 at 22.09.33 (2)\" \/><\/figure><\/div><div class=\"swiper-slide\" role=\"group\" aria-roledescription=\"slide\" aria-label=\"6 of 12\"><figure class=\"swiper-slide-inner\"><img decoding=\"async\" class=\"swiper-slide-image\" src=\"https:\/\/siervasdelamadrededios.org\/wp-content\/uploads\/2025\/06\/WhatsApp-Image-2025-06-13-at-22.09.33-1-1024x576.jpeg\" alt=\"WhatsApp Image 2025-06-13 at 22.09.33 (1)\" \/><\/figure><\/div><div class=\"swiper-slide\" role=\"group\" aria-roledescription=\"slide\" aria-label=\"7 of 12\"><figure class=\"swiper-slide-inner\"><img decoding=\"async\" class=\"swiper-slide-image\" src=\"https:\/\/siervasdelamadrededios.org\/wp-content\/uploads\/2025\/06\/WhatsApp-Image-2025-06-13-at-22.09.32-3-1024x576.jpeg\" alt=\"WhatsApp Image 2025-06-13 at 22.09.32 (3)\" \/><\/figure><\/div><div class=\"swiper-slide\" role=\"group\" aria-roledescription=\"slide\" aria-label=\"8 of 12\"><figure class=\"swiper-slide-inner\"><img decoding=\"async\" class=\"swiper-slide-image\" src=\"https:\/\/siervasdelamadrededios.org\/wp-content\/uploads\/2025\/06\/WhatsApp-Image-2025-06-13-at-22.09.31-1024x576.jpeg\" alt=\"WhatsApp Image 2025-06-13 at 22.09.31\" \/><\/figure><\/div><div class=\"swiper-slide\" role=\"group\" aria-roledescription=\"slide\" aria-label=\"9 of 12\"><figure class=\"swiper-slide-inner\"><img decoding=\"async\" class=\"swiper-slide-image\" src=\"https:\/\/siervasdelamadrededios.org\/wp-content\/uploads\/2025\/06\/WhatsApp-Image-2025-06-13-at-22.09.31-1-1024x576.jpeg\" alt=\"WhatsApp Image 2025-06-13 at 22.09.31 (1)\" \/><\/figure><\/div><div class=\"swiper-slide\" role=\"group\" aria-roledescription=\"slide\" aria-label=\"10 of 12\"><figure class=\"swiper-slide-inner\"><img decoding=\"async\" class=\"swiper-slide-image\" src=\"https:\/\/siervasdelamadrededios.org\/wp-content\/uploads\/2025\/06\/WhatsApp-Image-2025-06-13-at-22.09.32-2-1024x576.jpeg\" alt=\"WhatsApp Image 2025-06-13 at 22.09.32 (2)\" \/><\/figure><\/div><div class=\"swiper-slide\" role=\"group\" aria-roledescription=\"slide\" aria-label=\"11 of 12\"><figure class=\"swiper-slide-inner\"><img decoding=\"async\" class=\"swiper-slide-image\" src=\"https:\/\/siervasdelamadrededios.org\/wp-content\/uploads\/2025\/06\/WhatsApp-Image-2025-06-13-at-22.09.32-1-1024x576.jpeg\" alt=\"WhatsApp Image 2025-06-13 at 22.09.32 (1)\" \/><\/figure><\/div><div class=\"swiper-slide\" role=\"group\" aria-roledescription=\"slide\" aria-label=\"12 of 12\"><figure class=\"swiper-slide-inner\"><img decoding=\"async\" class=\"swiper-slide-image\" src=\"https:\/\/siervasdelamadrededios.org\/wp-content\/uploads\/2025\/06\/WhatsApp-Image-2025-06-13-at-22.09.34-1024x576.jpeg\" alt=\"WhatsApp Image 2025-06-13 at 22.09.34\" \/><\/figure><\/div>\t\t\t<\/div>\n\t\t\t\t\t\t\t\t\t\t\t\t<div class=\"elementor-swiper-button elementor-swiper-button-prev\" role=\"button\" tabindex=\"0\">\n\t\t\t\t\t\t<i aria-hidden=\"true\" class=\"eicon-chevron-left\"><\/i>\t\t\t\t\t<\/div>\n\t\t\t\t\t<div class=\"elementor-swiper-button elementor-swiper-button-next\" role=\"button\" tabindex=\"0\">\n\t\t\t\t\t\t<i aria-hidden=\"true\" class=\"eicon-chevron-right\"><\/i>\t\t\t\t\t<\/div>\n\t\t\t\t\n\t\t\t\t\t\t\t\t\t<div class=\"swiper-pagination\"><\/div>\n\t\t\t\t\t\t\t\t\t<\/div>\n\t\t\t\t\t\t<\/div>\n\t\t\t\t<\/div>\n\t\t\t\t\t<\/div>\n\t\t<\/div>\n\t\t\t\t\t<\/div>\n\t\t<\/section>\n\t\t\t\t<section class=\"elementor-section elementor-top-section elementor-element elementor-element-11c91f1e elementor-section-boxed elementor-section-height-default elementor-section-height-default\" data-id=\"11c91f1e\" data-element_type=\"section\" data-e-type=\"section\">\n\t\t\t\t\t\t<div class=\"elementor-container elementor-column-gap-default\">\n\t\t\t\t\t<div class=\"elementor-column elementor-col-100 elementor-top-column elementor-element elementor-element-28b96ae2\" data-id=\"28b96ae2\" data-element_type=\"column\" data-e-type=\"column\">\n\t\t\t<div class=\"elementor-widget-wrap elementor-element-populated\">\n\t\t\t\t\t\t<div class=\"elementor-element elementor-element-35c462b8 elementor-widget elementor-widget-heading\" data-id=\"35c462b8\" data-element_type=\"widget\" data-e-type=\"widget\" data-widget_type=\"heading.default\">\n\t\t\t\t<div class=\"elementor-widget-container\">\n\t\t\t\t\t<h2 class=\"elementor-heading-title elementor-size-default\">Ubicaci\u00f3n de la Obra<\/h2>\t\t\t\t<\/div>\n\t\t\t\t<\/div>\n\t\t\t\t<div class=\"elementor-element elementor-element-38411467 elementor-widget-divider--view-line elementor-widget elementor-widget-divider\" data-id=\"38411467\" data-element_type=\"widget\" data-e-type=\"widget\" data-widget_type=\"divider.default\">\n\t\t\t\t<div class=\"elementor-widget-container\">\n\t\t\t\t\t\t\t<div class=\"elementor-divider\">\n\t\t\t<span class=\"elementor-divider-separator\">\n\t\t\t\t\t\t<\/span>\n\t\t<\/div>\n\t\t\t\t\t\t<\/div>\n\t\t\t\t<\/div>\n\t\t\t\t<div class=\"elementor-element elementor-element-4ca44283 elementor-widget elementor-widget-google_maps\" data-id=\"4ca44283\" data-element_type=\"widget\" data-e-type=\"widget\" data-widget_type=\"google_maps.default\">\n\t\t\t\t<div class=\"elementor-widget-container\">\n\t\t\t\t\t\t\t<div class=\"elementor-custom-embed\">\n\t\t\t<iframe loading=\"lazy\"\n\t\t\t\t\tsrc=\"https:\/\/maps.google.com\/maps?q=P88W%2BHMJ%2C%20Maracaibo%204005%2C%20Zulia%2C%20Venezuela&#038;t=m&#038;z=11&#038;output=embed&#038;iwloc=near\"\n\t\t\t\t\ttitle=\"P88W+HMJ, Maracaibo 4005, Zulia, Venezuela\"\n\t\t\t\t\taria-label=\"P88W+HMJ, Maracaibo 4005, Zulia, Venezuela\"\n\t\t\t><\/iframe>\n\t\t<\/div>\n\t\t\t\t\t\t<\/div>\n\t\t\t\t<\/div>\n\t\t\t\t\t<\/div>\n\t\t<\/div>\n\t\t\t\t\t<\/div>\n\t\t<\/section>\n\t\t\t\t<\/div>\n\t\t","protected":false},"excerpt":{"rendered":"<p>UNIDAD EDUCATIVAMADRE ELISA JARAMILLO RESE\u00d1A DE LA OBRA La Unidad Educativa Privada Arquidiocesana \u201cMadre Elisa Jaramillo\u201d se encuentra ubicada en el Barrio Indio Mara de la Parroquia Idelfonso V\u00e1squez del Municipio Maracaibo, Venezuela y actualmente cuenta con una poblaci\u00f3n de m\u00e1s de 760 estudiantes desde Educaci\u00f3n Inicial hasta Educaci\u00f3n Media T\u00e9cnica. La gran mayor\u00eda de [&hellip;]<\/p>\n","protected":false},"author":1,"featured_media":0,"parent":0,"menu_order":0,"comment_status":"closed","ping_status":"closed","template":"","meta":{"om_disable_all_campaigns":false,"_monsterinsights_skip_tracking":false,"_monsterinsights_sitenote_active":false,"_monsterinsights_sitenote_note":"","_monsterinsights_sitenote_category":0,"site-sidebar-layout":"no-sidebar","site-content-layout":"page-builder","ast-site-content-layout":"full-width-container","site-content-style":"unboxed","site-sidebar-style":"unboxed","ast-global-header-display":"","ast-banner-title-visibility":"","ast-main-header-display":"","ast-hfb-above-header-display":"","ast-hfb-below-header-display":"","ast-hfb-mobile-header-display":"","site-post-title":"disabled","ast-breadcrumbs-content":"","ast-featured-img":"disabled","footer-sml-layout":"","ast-disable-related-posts":"","theme-transparent-header-meta":"enabled","adv-header-id-meta":"","stick-header-meta":"","header-above-stick-meta":"","header-main-stick-meta":"","header-below-stick-meta":"","astra-migrate-meta-layouts":"set","ast-page-background-enabled":"default","ast-page-background-meta":{"desktop":{"background-color":"","background-image":"","background-repeat":"repeat","background-position":"center center","background-size":"auto","background-attachment":"scroll","background-type":"","background-media":"","overlay-type":"","overlay-color":"","overlay-opacity":"","overlay-gradient":""},"tablet":{"background-color":"","background-image":"","background-repeat":"repeat","background-position":"center center","background-size":"auto","background-attachment":"scroll","background-type":"","background-media":"","overlay-type":"","overlay-color":"","overlay-opacity":"","overlay-gradient":""},"mobile":{"background-color":"","background-image":"","background-repeat":"repeat","background-position":"center center","background-size":"auto","background-attachment":"scroll","background-type":"","background-media":"","overlay-type":"","overlay-color":"","overlay-opacity":"","overlay-gradient":""}},"ast-content-background-meta":{"desktop":{"background-color":"var(--ast-global-color-5)","background-image":"","background-repeat":"repeat","background-position":"center center","background-size":"auto","background-attachment":"scroll","background-type":"","background-media":"","overlay-type":"","overlay-color":"","overlay-opacity":"","overlay-gradient":""},"tablet":{"background-color":"var(--ast-global-color-5)","background-image":"","background-repeat":"repeat","background-position":"center center","background-size":"auto","background-attachment":"scroll","background-type":"","background-media":"","overlay-type":"","overlay-color":"","overlay-opacity":"","overlay-gradient":""},"mobile":{"background-color":"var(--ast-global-color-5)","background-image":"","background-repeat":"repeat","background-position":"center center","background-size":"auto","background-attachment":"scroll","background-type":"","background-media":"","overlay-type":"","overlay-color":"","overlay-opacity":"","overlay-gradient":""}},"footnotes":""},"class_list":["post-2206","page","type-page","status-publish","hentry"],"yoast_head":"<!-- This site is optimized with the Yoast SEO plugin v27.4 - https:\/\/yoast.com\/product\/yoast-seo-wordpress\/ -->\n<title>Unidad Educativa Privada Arquidiocesana Madre Elisa Jaramillo - Siervas de la Madre de Dios<\/title>\n<meta name=\"robots\" content=\"index, follow, max-snippet:-1, max-image-preview:large, max-video-preview:-1\" \/>\n<link rel=\"canonical\" href=\"https:\/\/siervasdelamadrededios.org\/?page_id=2206\" \/>\n<meta property=\"og:locale\" content=\"es_ES\" \/>\n<meta property=\"og:type\" content=\"article\" \/>\n<meta property=\"og:title\" content=\"Unidad Educativa Privada Arquidiocesana Madre Elisa Jaramillo - Siervas de la Madre de Dios\" \/>\n<meta property=\"og:description\" content=\"UNIDAD EDUCATIVAMADRE ELISA JARAMILLO RESE\u00d1A DE LA OBRA La Unidad Educativa Privada Arquidiocesana \u201cMadre Elisa Jaramillo\u201d se encuentra ubicada en el Barrio Indio Mara de la Parroquia Idelfonso V\u00e1squez del Municipio Maracaibo, Venezuela y actualmente cuenta con una poblaci\u00f3n de m\u00e1s de 760 estudiantes desde Educaci\u00f3n Inicial hasta Educaci\u00f3n Media T\u00e9cnica. La gran mayor\u00eda de [&hellip;]\" \/>\n<meta property=\"og:url\" content=\"https:\/\/siervasdelamadrededios.org\/?page_id=2206\" \/>\n<meta property=\"og:site_name\" content=\"Siervas de la Madre de Dios\" \/>\n<meta property=\"article:modified_time\" content=\"2025-06-19T21:44:04+00:00\" \/>\n<meta property=\"og:image\" content=\"https:\/\/siervasdelamadrededios.org\/wp-content\/uploads\/2025\/06\/WhatsApp-Image-2025-06-13-at-22.09.32-2.jpeg\" \/>\n<meta name=\"twitter:card\" content=\"summary_large_image\" \/>\n<meta name=\"twitter:label1\" content=\"Tiempo de lectura\" \/>\n\t<meta name=\"twitter:data1\" content=\"5 minutos\" \/>\n<script type=\"application\/ld+json\" class=\"yoast-schema-graph\">{\"@context\":\"https:\\\/\\\/schema.org\",\"@graph\":[{\"@type\":\"WebPage\",\"@id\":\"https:\\\/\\\/siervasdelamadrededios.org\\\/?page_id=2206\",\"url\":\"https:\\\/\\\/siervasdelamadrededios.org\\\/?page_id=2206\",\"name\":\"Unidad Educativa Privada Arquidiocesana Madre Elisa Jaramillo - Siervas de la Madre de Dios\",\"isPartOf\":{\"@id\":\"https:\\\/\\\/siervasdelamadrededios.org\\\/#website\"},\"primaryImageOfPage\":{\"@id\":\"https:\\\/\\\/siervasdelamadrededios.org\\\/?page_id=2206#primaryimage\"},\"image\":{\"@id\":\"https:\\\/\\\/siervasdelamadrededios.org\\\/?page_id=2206#primaryimage\"},\"thumbnailUrl\":\"https:\\\/\\\/siervasdelamadrededios.org\\\/wp-content\\\/uploads\\\/2025\\\/06\\\/WhatsApp-Image-2025-06-13-at-22.09.32-2.jpeg\",\"datePublished\":\"2025-06-19T21:01:56+00:00\",\"dateModified\":\"2025-06-19T21:44:04+00:00\",\"breadcrumb\":{\"@id\":\"https:\\\/\\\/siervasdelamadrededios.org\\\/?page_id=2206#breadcrumb\"},\"inLanguage\":\"es-CO\",\"potentialAction\":[{\"@type\":\"ReadAction\",\"target\":[\"https:\\\/\\\/siervasdelamadrededios.org\\\/?page_id=2206\"]}]},{\"@type\":\"ImageObject\",\"inLanguage\":\"es-CO\",\"@id\":\"https:\\\/\\\/siervasdelamadrededios.org\\\/?page_id=2206#primaryimage\",\"url\":\"https:\\\/\\\/siervasdelamadrededios.org\\\/wp-content\\\/uploads\\\/2025\\\/06\\\/WhatsApp-Image-2025-06-13-at-22.09.32-2.jpeg\",\"contentUrl\":\"https:\\\/\\\/siervasdelamadrededios.org\\\/wp-content\\\/uploads\\\/2025\\\/06\\\/WhatsApp-Image-2025-06-13-at-22.09.32-2.jpeg\",\"width\":1032,\"height\":581},{\"@type\":\"BreadcrumbList\",\"@id\":\"https:\\\/\\\/siervasdelamadrededios.org\\\/?page_id=2206#breadcrumb\",\"itemListElement\":[{\"@type\":\"ListItem\",\"position\":1,\"name\":\"Inicio\",\"item\":\"https:\\\/\\\/siervasdelamadrededios.org\\\/\"},{\"@type\":\"ListItem\",\"position\":2,\"name\":\"Unidad Educativa Privada Arquidiocesana Madre Elisa Jaramillo\"}]},{\"@type\":\"WebSite\",\"@id\":\"https:\\\/\\\/siervasdelamadrededios.org\\\/#website\",\"url\":\"https:\\\/\\\/siervasdelamadrededios.org\\\/\",\"name\":\"Siervas de la Madre de Dios\",\"description\":\"Congregaci\u00f3n Religiosa\",\"publisher\":{\"@id\":\"https:\\\/\\\/siervasdelamadrededios.org\\\/#organization\"},\"potentialAction\":[{\"@type\":\"SearchAction\",\"target\":{\"@type\":\"EntryPoint\",\"urlTemplate\":\"https:\\\/\\\/siervasdelamadrededios.org\\\/?s={search_term_string}\"},\"query-input\":{\"@type\":\"PropertyValueSpecification\",\"valueRequired\":true,\"valueName\":\"search_term_string\"}}],\"inLanguage\":\"es-CO\"},{\"@type\":\"Organization\",\"@id\":\"https:\\\/\\\/siervasdelamadrededios.org\\\/#organization\",\"name\":\"Siervas de la Madre de Dios\",\"url\":\"https:\\\/\\\/siervasdelamadrededios.org\\\/\",\"logo\":{\"@type\":\"ImageObject\",\"inLanguage\":\"es-CO\",\"@id\":\"https:\\\/\\\/siervasdelamadrededios.org\\\/#\\\/schema\\\/logo\\\/image\\\/\",\"url\":\"https:\\\/\\\/siervasdelamadrededios.org\\\/wp-content\\\/uploads\\\/2022\\\/12\\\/Logo-SMD-Menu2-GRIS.svg\",\"contentUrl\":\"https:\\\/\\\/siervasdelamadrededios.org\\\/wp-content\\\/uploads\\\/2022\\\/12\\\/Logo-SMD-Menu2-GRIS.svg\",\"width\":255,\"height\":200,\"caption\":\"Siervas de la Madre de Dios\"},\"image\":{\"@id\":\"https:\\\/\\\/siervasdelamadrededios.org\\\/#\\\/schema\\\/logo\\\/image\\\/\"}}]}<\/script>\n<!-- \/ Yoast SEO plugin. -->","yoast_head_json":{"title":"Unidad Educativa Privada Arquidiocesana Madre Elisa Jaramillo - Siervas de la Madre de Dios","robots":{"index":"index","follow":"follow","max-snippet":"max-snippet:-1","max-image-preview":"max-image-preview:large","max-video-preview":"max-video-preview:-1"},"canonical":"https:\/\/siervasdelamadrededios.org\/?page_id=2206","og_locale":"es_ES","og_type":"article","og_title":"Unidad Educativa Privada Arquidiocesana Madre Elisa Jaramillo - Siervas de la Madre de Dios","og_description":"UNIDAD EDUCATIVAMADRE ELISA JARAMILLO RESE\u00d1A DE LA OBRA La Unidad Educativa Privada Arquidiocesana \u201cMadre Elisa Jaramillo\u201d se encuentra ubicada en el Barrio Indio Mara de la Parroquia Idelfonso V\u00e1squez del Municipio Maracaibo, Venezuela y actualmente cuenta con una poblaci\u00f3n de m\u00e1s de 760 estudiantes desde Educaci\u00f3n Inicial hasta Educaci\u00f3n Media T\u00e9cnica. La gran mayor\u00eda de [&hellip;]","og_url":"https:\/\/siervasdelamadrededios.org\/?page_id=2206","og_site_name":"Siervas de la Madre de Dios","article_modified_time":"2025-06-19T21:44:04+00:00","og_image":[{"url":"https:\/\/siervasdelamadrededios.org\/wp-content\/uploads\/2025\/06\/WhatsApp-Image-2025-06-13-at-22.09.32-2.jpeg","type":"","width":"","height":""}],"twitter_card":"summary_large_image","twitter_misc":{"Tiempo de lectura":"5 minutos"},"schema":{"@context":"https:\/\/schema.org","@graph":[{"@type":"WebPage","@id":"https:\/\/siervasdelamadrededios.org\/?page_id=2206","url":"https:\/\/siervasdelamadrededios.org\/?page_id=2206","name":"Unidad Educativa Privada Arquidiocesana Madre Elisa Jaramillo - Siervas de la Madre de Dios","isPartOf":{"@id":"https:\/\/siervasdelamadrededios.org\/#website"},"primaryImageOfPage":{"@id":"https:\/\/siervasdelamadrededios.org\/?page_id=2206#primaryimage"},"image":{"@id":"https:\/\/siervasdelamadrededios.org\/?page_id=2206#primaryimage"},"thumbnailUrl":"https:\/\/siervasdelamadrededios.org\/wp-content\/uploads\/2025\/06\/WhatsApp-Image-2025-06-13-at-22.09.32-2.jpeg","datePublished":"2025-06-19T21:01:56+00:00","dateModified":"2025-06-19T21:44:04+00:00","breadcrumb":{"@id":"https:\/\/siervasdelamadrededios.org\/?page_id=2206#breadcrumb"},"inLanguage":"es-CO","potentialAction":[{"@type":"ReadAction","target":["https:\/\/siervasdelamadrededios.org\/?page_id=2206"]}]},{"@type":"ImageObject","inLanguage":"es-CO","@id":"https:\/\/siervasdelamadrededios.org\/?page_id=2206#primaryimage","url":"https:\/\/siervasdelamadrededios.org\/wp-content\/uploads\/2025\/06\/WhatsApp-Image-2025-06-13-at-22.09.32-2.jpeg","contentUrl":"https:\/\/siervasdelamadrededios.org\/wp-content\/uploads\/2025\/06\/WhatsApp-Image-2025-06-13-at-22.09.32-2.jpeg","width":1032,"height":581},{"@type":"BreadcrumbList","@id":"https:\/\/siervasdelamadrededios.org\/?page_id=2206#breadcrumb","itemListElement":[{"@type":"ListItem","position":1,"name":"Inicio","item":"https:\/\/siervasdelamadrededios.org\/"},{"@type":"ListItem","position":2,"name":"Unidad Educativa Privada Arquidiocesana Madre Elisa Jaramillo"}]},{"@type":"WebSite","@id":"https:\/\/siervasdelamadrededios.org\/#website","url":"https:\/\/siervasdelamadrededios.org\/","name":"Siervas de la Madre de Dios","description":"Congregaci\u00f3n Religiosa","publisher":{"@id":"https:\/\/siervasdelamadrededios.org\/#organization"},"potentialAction":[{"@type":"SearchAction","target":{"@type":"EntryPoint","urlTemplate":"https:\/\/siervasdelamadrededios.org\/?s={search_term_string}"},"query-input":{"@type":"PropertyValueSpecification","valueRequired":true,"valueName":"search_term_string"}}],"inLanguage":"es-CO"},{"@type":"Organization","@id":"https:\/\/siervasdelamadrededios.org\/#organization","name":"Siervas de la Madre de Dios","url":"https:\/\/siervasdelamadrededios.org\/","logo":{"@type":"ImageObject","inLanguage":"es-CO","@id":"https:\/\/siervasdelamadrededios.org\/#\/schema\/logo\/image\/","url":"https:\/\/siervasdelamadrededios.org\/wp-content\/uploads\/2022\/12\/Logo-SMD-Menu2-GRIS.svg","contentUrl":"https:\/\/siervasdelamadrededios.org\/wp-content\/uploads\/2022\/12\/Logo-SMD-Menu2-GRIS.svg","width":255,"height":200,"caption":"Siervas de la Madre de Dios"},"image":{"@id":"https:\/\/siervasdelamadrededios.org\/#\/schema\/logo\/image\/"}}]}},"_links":{"self":[{"href":"https:\/\/siervasdelamadrededios.org\/index.php?rest_route=\/wp\/v2\/pages\/2206","targetHints":{"allow":["GET"]}}],"collection":[{"href":"https:\/\/siervasdelamadrededios.org\/index.php?rest_route=\/wp\/v2\/pages"}],"about":[{"href":"https:\/\/siervasdelamadrededios.org\/index.php?rest_route=\/wp\/v2\/types\/page"}],"author":[{"embeddable":true,"href":"https:\/\/siervasdelamadrededios.org\/index.php?rest_route=\/wp\/v2\/users\/1"}],"replies":[{"embeddable":true,"href":"https:\/\/siervasdelamadrededios.org\/index.php?rest_route=%2Fwp%2Fv2%2Fcomments&post=2206"}],"version-history":[{"count":8,"href":"https:\/\/siervasdelamadrededios.org\/index.php?rest_route=\/wp\/v2\/pages\/2206\/revisions"}],"predecessor-version":[{"id":2282,"href":"https:\/\/siervasdelamadrededios.org\/index.php?rest_route=\/wp\/v2\/pages\/2206\/revisions\/2282"}],"wp:attachment":[{"href":"https:\/\/siervasdelamadrededios.org\/index.php?rest_route=%2Fwp%2Fv2%2Fmedia&parent=2206"}],"curies":[{"name":"wp","href":"https:\/\/api.w.org\/{rel}","templated":true}]}}